{"id":26489,"date":"2022-02-07T16:21:13","date_gmt":"2022-02-07T21:21:13","guid":{"rendered":"http:\/\/altamira.edu.co\/?page_id=26489"},"modified":"2026-03-12T08:28:51","modified_gmt":"2026-03-12T13:28:51","slug":"admission-process","status":"publish","type":"page","link":"https:\/\/altamira.edu.co\/es\/admission-process\/","title":{"rendered":"PROCESO DE ADMISIONES"},"content":{"rendered":"<p>[et_pb_section fb_built=&#8221;1&#8243; _builder_version=&#8221;4.27.4&#8243; _module_preset=&#8221;default&#8221; background_color=&#8221;gcid-117be73f-905e-49b2-a35b-454922c4d6ae&#8221; background_image=&#8221;https:\/\/altamira.edu.co\/wp-content\/uploads\/2025\/08\/Banner-DSC_0171-web-scaled.webp&#8221; background_blend=&#8221;overlay&#8221; height=&#8221;90vh&#8221; custom_padding=&#8221;||0px|||&#8221; global_colors_info=&#8221;{%22gcid-117be73f-905e-49b2-a35b-454922c4d6ae%22:%91%22background_color%22%93}&#8221;][et_pb_row _builder_version=&#8221;4.27.4&#8243; _module_preset=&#8221;default&#8221; custom_margin=&#8221;30vh|auto|30vh|auto|true|false&#8221; global_colors_info=&#8221;{}&#8221;][et_pb_column type=&#8221;4_4&#8243; _builder_version=&#8221;4.27.4&#8243; _module_preset=&#8221;default&#8221; global_colors_info=&#8221;{}&#8221;][et_pb_text _builder_version=&#8221;4.27.5&#8243; _module_preset=&#8221;default&#8221; text_font=&#8221;Montserrat|700|||||||&#8221; text_text_color=&#8221;#FFFFFF&#8221; text_font_size=&#8221;48px&#8221; text_line_height=&#8221;1.5em&#8221; text_orientation=&#8221;center&#8221; text_font_size_tablet=&#8221;48px&#8221; text_font_size_phone=&#8221;48px&#8221; text_font_size_last_edited=&#8221;on|phone&#8221; locked=&#8221;off&#8221; global_colors_info=&#8221;{}&#8221;]<\/p>\n<p>ADMISSION PROCESS<\/p>\n<p>[\/et_pb_text][\/et_pb_column][\/et_pb_row][\/et_pb_section][et_pb_section fb_built=&#8221;1&#8243; _builder_version=&#8221;4.27.4&#8243; _module_preset=&#8221;default&#8221; background_color=&#8221;gcid-cd586bd6-97f1-4eac-8f37-1b6775d85218&#8243; background_image=&#8221;https:\/\/altamira.edu.co\/wp-content\/uploads\/2025\/11\/ilustracion-patrones-estilo-escolar-doodle-vector-envases-papel-ilustracion-vectorial-patrones-costuras-fondo-transparente.webp&#8221; background_blend=&#8221;overlay&#8221; custom_margin=&#8221;||||false|false&#8221; custom_padding=&#8221;40px||40px||true|false&#8221; global_colors_info=&#8221;{%22gcid-cd586bd6-97f1-4eac-8f37-1b6775d85218%22:%91%22background_color%22%93}&#8221;][et_pb_row column_structure=&#8221;2_5,3_5&#8243; use_custom_gutter=&#8221;on&#8221; gutter_width=&#8221;1&#8243; _builder_version=&#8221;4.27.4&#8243; _module_preset=&#8221;default&#8221; background_color=&#8221;#FFFFFF&#8221; width=&#8221;100%&#8221; custom_margin=&#8221;21px|auto|3px|auto||&#8221; custom_padding=&#8221;20px||5px||false|false&#8221; custom_css_main_element=&#8221;display: flex;||align-items: center;||flex-wrap: wrap;&#8221; border_radii=&#8221;on|12px|12px|12px|12px&#8221; border_color_all=&#8221;gcid-56c153ff-af19-4dd2-ad24-db6135076b29&#8243; global_colors_info=&#8221;{%22gcid-56c153ff-af19-4dd2-ad24-db6135076b29%22:%91%22border_color_all%22%93}&#8221;][et_pb_column type=&#8221;2_5&#8243; _builder_version=&#8221;4.16&#8243; _module_preset=&#8221;default&#8221; global_colors_info=&#8221;{}&#8221;][et_pb_text _builder_version=&#8221;4.27.4&#8243; text_font=&#8221;Montserrat||||||||&#8221; text_text_color=&#8221;#000000&#8243; text_font_size=&#8221;18px&#8221; text_line_height=&#8221;1.5em&#8221; text_orientation=&#8221;center&#8221; custom_padding=&#8221;|20px||20px|false|true&#8221; text_font_size_tablet=&#8221;&#8221; text_font_size_phone=&#8221;14px&#8221; text_font_size_last_edited=&#8221;on|phone&#8221; global_colors_info=&#8221;{}&#8221;]<strong>APPLICATION REQUIREMENTS<\/strong><br \/>\nAGE: To apply you must take into consideration the students age in the following grade levels:[\/et_pb_text][et_pb_image src=&#8221;https:\/\/altamira.edu.co\/wp-content\/uploads\/2025\/11\/children-svgrepo-com-1.svg&#8221; title_text=&#8221;children-svgrepo-com (1)&#8221; align=&#8221;center&#8221; _builder_version=&#8221;4.27.4&#8243; _module_preset=&#8221;default&#8221; custom_margin=&#8221;||6px|||&#8221; global_colors_info=&#8221;{}&#8221;][\/et_pb_image][\/et_pb_column][et_pb_column type=&#8221;3_5&#8243; _builder_version=&#8221;4.16&#8243; _module_preset=&#8221;default&#8221; global_colors_info=&#8221;{}&#8221;][difl_iconlist list_view_type=&#8221;inline&#8221; list_item_per_column=&#8221;1&#8243; list_item_gap=&#8221;4px&#8221; list_item_horizontal_alignment=&#8221;center&#8221; list_item_equal_width=&#8221;on&#8221; list_item_vertical_alignment=&#8221;center&#8221; list_item_elements_align=&#8221;on&#8221; list_item_icon_margin=&#8221;0px||||false|false&#8221; list_item_icon_padding=&#8221;0px||||false|false&#8221; list_item_icon_wrapper_margin=&#8221;0px||||false|false&#8221; list_item_icon_wrapper_padding=&#8221;0px||||false|false&#8221; list_item_title_margin=&#8221;0px||||false|false&#8221; list_item_title_padding=&#8221;0px||||false|false&#8221; list_item_content_margin=&#8221;0px||||false|false&#8221; list_item_content_padding=&#8221;0px||||false|false&#8221; list_item_wrapper_padding=&#8221;0px||||false|false&#8221; list_item_tooltip_padding=&#8221;0px||||false|false&#8221; _builder_version=&#8221;4.27.4&#8243; _module_preset=&#8221;default&#8221; custom_margin=&#8221;-10px||-10px|||&#8221; custom_padding=&#8221;15px||15px|||&#8221; global_colors_info=&#8221;{}&#8221;][difl_iconlistitem list_item_title=&#8221;Pre-Kinder&#8221; list_item_icon=&#8221;&#x55;||divi||400&#8243; list_item_icon_color=&#8221;#FFFFFF&#8221; list_item_icon_bg_color=&#8221;#982927&#8243; list_item_icon_size=&#8221;20px&#8221; list_item_icon_padding=&#8221;12px|12px|12px|12px|true|true&#8221; list_item_title_margin=&#8221;||0px||false|false&#8221; list_item_title_padding=&#8221;||0px||false|false&#8221; _builder_version=&#8221;4.27.4&#8243; child_title_text_font=&#8221;Montserrat|700|||||||&#8221; child_title_text_text_color=&#8221;gcid-2b7b0f17-8373-424d-afa5-098ccb167cc1&#8243; child_title_text_line_height=&#8221;1.5em&#8221; child_content_text_font=&#8221;Montserrat|500|||||||&#8221; child_content_text_text_color=&#8221;#000000&#8243; child_content_text_font_size=&#8221;16px&#8221; child_content_text_line_height=&#8221;1.5em&#8221; border_radii_child_image_icon=&#8221;on|999px|999px|999px|999px&#8221; global_colors_info=&#8221;{%22gcid-2b7b0f17-8373-424d-afa5-098ccb167cc1%22:%91%22child_title_text_text_color%22%93}&#8221;]The student is 4 years old before June 30th.[\/difl_iconlistitem][difl_iconlistitem list_item_title=&#8221;Kinder&#8221; list_item_icon=&#8221;&#x55;||divi||400&#8243; list_item_icon_color=&#8221;#FFFFFF&#8221; list_item_icon_bg_color=&#8221;#982927&#8243; list_item_icon_size=&#8221;20px&#8221; list_item_icon_padding=&#8221;12px|12px|12px|12px|true|true&#8221; list_item_title_margin=&#8221;||0px||false|false&#8221; list_item_title_padding=&#8221;||0px||false|false&#8221; _builder_version=&#8221;4.27.4&#8243; child_title_text_font=&#8221;Montserrat|700|||||||&#8221; child_title_text_text_color=&#8221;gcid-2b7b0f17-8373-424d-afa5-098ccb167cc1&#8243; child_title_text_line_height=&#8221;1.5em&#8221; child_content_text_font=&#8221;Montserrat|500|||||||&#8221; child_content_text_text_color=&#8221;#000000&#8243; child_content_text_font_size=&#8221;16px&#8221; child_content_text_line_height=&#8221;1.5em&#8221; border_radii_child_image_icon=&#8221;on|999px|999px|999px|999px&#8221; global_colors_info=&#8221;{%22gcid-2b7b0f17-8373-424d-afa5-098ccb167cc1%22:%91%22child_title_text_text_color%22%93}&#8221;]The student is 5 years old before June 30th.[\/difl_iconlistitem][difl_iconlistitem list_item_title=&#8221;First Grade&#8221; list_item_icon=&#8221;&#x55;||divi||400&#8243; list_item_icon_color=&#8221;#FFFFFF&#8221; list_item_icon_bg_color=&#8221;#982927&#8243; list_item_icon_size=&#8221;20px&#8221; list_item_icon_padding=&#8221;12px|12px|12px|12px|true|true&#8221; list_item_title_margin=&#8221;||0px||false|false&#8221; list_item_title_padding=&#8221;||0px||false|false&#8221; _builder_version=&#8221;4.27.4&#8243; child_title_text_font=&#8221;Montserrat|700|||||||&#8221; child_title_text_text_color=&#8221;gcid-2b7b0f17-8373-424d-afa5-098ccb167cc1&#8243; child_title_text_line_height=&#8221;1.5em&#8221; child_content_text_font=&#8221;Montserrat|500|||||||&#8221; child_content_text_text_color=&#8221;#000000&#8243; child_content_text_font_size=&#8221;16px&#8221; child_content_text_line_height=&#8221;1.5em&#8221; border_radii_child_image_icon=&#8221;on|999px|999px|999px|999px&#8221; global_colors_info=&#8221;{%22gcid-2b7b0f17-8373-424d-afa5-098ccb167cc1%22:%91%22child_title_text_text_color%22%93}&#8221;]The student is 6 years old before June 30th.[\/difl_iconlistitem][\/difl_iconlist][\/et_pb_column][\/et_pb_row][et_pb_row column_structure=&#8221;1_2,1_2&#8243; make_equal=&#8221;on&#8221; _builder_version=&#8221;4.27.4&#8243; _module_preset=&#8221;default&#8221; width=&#8221;100%&#8221; custom_padding=&#8221;40px|20px|40px|20px|false|true&#8221; global_colors_info=&#8221;{}&#8221;][et_pb_column type=&#8221;1_2&#8243; _builder_version=&#8221;4.27.4&#8243; _module_preset=&#8221;default&#8221; background_color=&#8221;gcid-a612011e-44df-40b6-b7e0-5b5af6fbec64&#8243; border_radii=&#8221;on|12px|12px|12px|12px&#8221; global_colors_info=&#8221;{%22gcid-a612011e-44df-40b6-b7e0-5b5af6fbec64%22:%91%22background_color%22%93}&#8221;][et_pb_icon font_icon=&#8221;&#xf005;||fa||900&#8243; icon_color=&#8221;#FFFFFF&#8221; icon_width=&#8221;48px&#8221; _builder_version=&#8221;4.27.4&#8243; _module_preset=&#8221;default&#8221; custom_padding=&#8221;40px||||false|false&#8221; global_colors_info=&#8221;{}&#8221;][\/et_pb_icon][et_pb_text _builder_version=&#8221;4.27.4&#8243; text_font=&#8221;Montserrat||||||||&#8221; text_text_color=&#8221;#FFFFFF&#8221; text_font_size=&#8221;18px&#8221; text_line_height=&#8221;1.5em&#8221; text_orientation=&#8221;center&#8221; custom_padding=&#8221;0px|40px|20px|40px|false|true&#8221; text_font_size_tablet=&#8221;&#8221; text_font_size_phone=&#8221;14px&#8221; text_font_size_last_edited=&#8221;on|phone&#8221; global_colors_info=&#8221;{}&#8221;]<\/p>\n<p>To ensure the experiences and academic quality of our students, we have limited admissions, so we recommend that families begin their admissions process one or two years in advance..<\/p>\n<p>[\/et_pb_text][\/et_pb_column][et_pb_column type=&#8221;1_2&#8243; _builder_version=&#8221;4.16&#8243; _module_preset=&#8221;default&#8221; global_colors_info=&#8221;{}&#8221;][et_pb_text _builder_version=&#8221;4.27.4&#8243; text_font=&#8221;Montserrat|800||on|||||&#8221; text_text_color=&#8221;gcid-a612011e-44df-40b6-b7e0-5b5af6fbec64&#8243; text_font_size=&#8221;30px&#8221; text_line_height=&#8221;1.5em&#8221; header_3_font=&#8221;|800|||||||&#8221; header_3_text_align=&#8221;center&#8221; header_3_text_color=&#8221;#b9171a&#8221; header_3_font_size=&#8221;37px&#8221; header_3_line_height=&#8221;1.2em&#8221; custom_margin=&#8221;|||0px|false|false&#8221; custom_padding=&#8221;||||false|false&#8221; text_font_size_tablet=&#8221;24px&#8221; text_font_size_phone=&#8221;18px&#8221; text_font_size_last_edited=&#8221;on|phone&#8221; header_3_font_size_tablet=&#8221;&#8221; header_3_font_size_phone=&#8221;16px&#8221; header_3_font_size_last_edited=&#8221;on|phone&#8221; global_colors_info=&#8221;{%22gcid-a612011e-44df-40b6-b7e0-5b5af6fbec64%22:%91%22text_text_color%22%93}&#8221;]<\/p>\n<p>Get to know our educational project<\/p>\n<p>[\/et_pb_text][et_pb_text _builder_version=&#8221;4.27.4&#8243; text_font=&#8221;Montserrat||||||||&#8221; text_text_color=&#8221;#000000&#8243; text_font_size=&#8221;18px&#8221; text_line_height=&#8221;1.5em&#8221; custom_margin=&#8221;-5px|||||&#8221; custom_padding=&#8221;|||0px|false|false&#8221; custom_padding_tablet=&#8221;|||0px|false|false&#8221; custom_padding_phone=&#8221;&#8221; custom_padding_last_edited=&#8221;on|tablet&#8221; text_font_size_tablet=&#8221;&#8221; text_font_size_phone=&#8221;14px&#8221; text_font_size_last_edited=&#8221;on|phone&#8221; global_colors_info=&#8221;{}&#8221;]<\/p>\n<p>If you wish to receive more information about the Altamira school and visit our campus. Contact us via Whatsapp<\/p>\n<p>[\/et_pb_text][et_pb_button button_url=&#8221;https:\/\/wa.link\/vqdp30&#8243; url_new_window=&#8221;on&#8221; button_text=&#8221;Contact Us&#8221; button_alignment=&#8221;left&#8221; _builder_version=&#8221;4.27.4&#8243; _module_preset=&#8221;default&#8221; custom_button=&#8221;on&#8221; button_text_size=&#8221;18px&#8221; button_text_color=&#8221;#FFFFFF&#8221; button_bg_color=&#8221;gcid-2b7b0f17-8373-424d-afa5-098ccb167cc1&#8243; button_border_color=&#8221;#B21822&#8243; button_border_radius=&#8221;6px&#8221; button_font=&#8221;|600|||||||&#8221; button_use_icon=&#8221;off&#8221; custom_padding=&#8221;12px|48px|12px|48px|true|true&#8221; global_colors_info=&#8221;{%22gcid-2b7b0f17-8373-424d-afa5-098ccb167cc1%22:%91%22button_bg_color%22%93}&#8221;][\/et_pb_button][\/et_pb_column][\/et_pb_row][et_pb_row _builder_version=&#8221;4.27.4&#8243; _module_preset=&#8221;default&#8221; custom_padding=&#8221;43px||43px|||&#8221; global_colors_info=&#8221;{}&#8221;][et_pb_column type=&#8221;4_4&#8243; _builder_version=&#8221;4.18.0&#8243; _module_preset=&#8221;default&#8221; global_colors_info=&#8221;{}&#8221;][et_pb_text _builder_version=&#8221;4.27.4&#8243; _module_preset=&#8221;default&#8221; text_font=&#8221;Montserrat|700|||||||&#8221; text_text_color=&#8221;gcid-a612011e-44df-40b6-b7e0-5b5af6fbec64&#8243; text_font_size=&#8221;34px&#8221; text_line_height=&#8221;1.5em&#8221; global_colors_info=&#8221;{%22gcid-a612011e-44df-40b6-b7e0-5b5af6fbec64%22:%91%22text_text_color%22%93}&#8221;]<\/p>\n<p style=\"text-align: center;\">OUR ADMISSIONS PROCESS<\/p>\n<p>[\/et_pb_text][\/et_pb_column][\/et_pb_row][et_pb_row custom_padding_last_edited=&#8221;on|phone&#8221; module_id=&#8221;registration&#8221; _builder_version=&#8221;4.27.5&#8243; _module_preset=&#8221;default&#8221; background_color=&#8221;RGBA(255,255,255,0)&#8221; width_tablet=&#8221;&#8221; width_phone=&#8221;&#8221; width_last_edited=&#8221;on|phone&#8221; custom_padding=&#8221;32px|32px|32px|32px|true|true&#8221; custom_padding_tablet=&#8221;16px|16px|16px|16px|true|true&#8221; custom_padding_phone=&#8221;16px|16px|16px|16px|true|true&#8221; border_radii=&#8221;on|12px|12px|12px|12px&#8221; global_colors_info=&#8221;{}&#8221;][et_pb_column type=&#8221;4_4&#8243; _builder_version=&#8221;4.16&#8243; _module_preset=&#8221;default&#8221; global_colors_info=&#8221;{}&#8221;][et_pb_text _builder_version=&#8221;4.27.4&#8243; text_font=&#8221;Montserrat|800||on|||||&#8221; text_text_color=&#8221;gcid-a612011e-44df-40b6-b7e0-5b5af6fbec64&#8243; text_font_size=&#8221;30px&#8221; header_3_font=&#8221;|800|||||||&#8221; header_3_text_align=&#8221;center&#8221; header_3_text_color=&#8221;#b9171a&#8221; header_3_font_size=&#8221;37px&#8221; header_3_line_height=&#8221;1.2em&#8221; custom_margin=&#8221;||15px|0px|false|false&#8221; custom_padding=&#8221;||||false|false&#8221; text_font_size_tablet=&#8221;24px&#8221; text_font_size_phone=&#8221;18px&#8221; text_font_size_last_edited=&#8221;on|phone&#8221; header_3_font_size_tablet=&#8221;&#8221; header_3_font_size_phone=&#8221;16px&#8221; header_3_font_size_last_edited=&#8221;on|phone&#8221; global_colors_info=&#8221;{%22gcid-a612011e-44df-40b6-b7e0-5b5af6fbec64%22:%91%22text_text_color%22%93}&#8221;]<\/p>\n<p>1 &#8211; Registration<\/p>\n<p>[\/et_pb_text][et_pb_text _builder_version=&#8221;4.27.4&#8243; text_font=&#8221;Montserrat||||||||&#8221; text_text_color=&#8221;#555555&#8243; text_font_size=&#8221;18px&#8221; text_line_height=&#8221;1.5em&#8221; custom_padding=&#8221;|||50px|false|false&#8221; custom_padding_tablet=&#8221;|||0px|false|false&#8221; custom_padding_phone=&#8221;&#8221; custom_padding_last_edited=&#8221;on|tablet&#8221; text_font_size_tablet=&#8221;&#8221; text_font_size_phone=&#8221;14px&#8221; text_font_size_last_edited=&#8221;on|phone&#8221; global_colors_info=&#8221;{}&#8221;]<\/p>\n<p>If you wish to apply to our school and begin the admission process please fill out the following form.<\/p>\n<p><a style=\"color: #b9171a;\" href=\"https:\/\/controlacademic.co\/altamira\/preinscripcion.aspx\" target=\"_blank\" rel=\"noopener\">https:\/\/controlacademic.co\/altamira\/preinscripcion.aspx<\/a><\/p>\n<p>Make the payment of the admission costs according to the rates and preference of payment methods listed below:<\/p>\n<p>[\/et_pb_text][difl_iconlist list_view_type=&#8221;inline&#8221; list_item_per_column=&#8221;3&#8243; list_item_horizontal_alignment=&#8221;flex-start&#8221; list_item_equal_width=&#8221;on&#8221; list_item_elements_align=&#8221;on&#8221; list_item_icon_color=&#8221;#982927&#8243; list_item_icon_placement=&#8221;column&#8221; list_item_icon_alignment=&#8221;center&#8221; list_item_wrapper_padding=&#8221;20px|20px|20px|20px|true|true&#8221; list_view_type_tablet=&#8221;inline&#8221; list_view_type_phone=&#8221;inline&#8221; list_view_type_last_edited=&#8221;on|phone&#8221; list_item_per_column_tablet=&#8221;2&#8243; list_item_per_column_phone=&#8221;1&#8243; list_item_per_column_last_edited=&#8221;on|phone&#8221; list_item_content_max_width_tablet=&#8221;&#8221; list_item_content_max_width_phone=&#8221;&#8221; list_item_content_max_width_last_edited=&#8221;on|phone&#8221; list_item_wrapper_padding_tablet=&#8221;20px|20px|20px|20px|true|true&#8221; list_item_wrapper_padding_phone=&#8221;20px|20px|20px|20px|true|true&#8221; list_item_wrapper_padding_last_edited=&#8221;on|phone&#8221; _builder_version=&#8221;4.27.5&#8243; _module_preset=&#8221;default&#8221; child_title_text_font=&#8221;Montserrat|700|||||||&#8221; child_title_text_font_size=&#8221;20px&#8221; child_title_text_line_height=&#8221;1.5em&#8221; child_content_text_font=&#8221;Montserrat||||||||&#8221; child_content_text_text_color=&#8221;#000000&#8243; child_content_text_font_size=&#8221;16px&#8221; background_color=&#8221;RGBA(255,255,255,0)&#8221; width_tablet=&#8221;&#8221; width_phone=&#8221;100%&#8221; width_last_edited=&#8221;on|phone&#8221; custom_css_main_element=&#8221;.text_container_custom {||  display:flex;||  flex-direction:column;||  gap:12px;||  height:150px||}||||@media (max-width:500px) {||  .text_container_custom {||    height:160px;||  }||}||||.title_custom1, .title_custom2, .title_custom3 {||  margin:0;||  padding:0;||  line-height:1.5;||}||||.title_custom1 {||  margin-top:6px;||}&#8221; global_colors_info=&#8221;{}&#8221;][difl_iconlistitem list_item_title=&#8221;Register cost&#8221; list_item_wrapper_background_bgcolor=&#8221;#FFFFFF&#8221; list_item_text_orientation=&#8221;center&#8221; list_item_icon=&#8221;&#xf155;||fa||900&#8243; list_item_icon_placement=&#8221;column&#8221; list_item_icon_alignment=&#8221;center&#8221; list_item_wrapper_margin=&#8221;12px|12px|12px|12px|true|true&#8221; _builder_version=&#8221;4.27.4&#8243; child_title_text_font=&#8221;Montserrat|700|||||||&#8221; child_title_text_line_height=&#8221;1.5em&#8221; child_content_text_line_height=&#8221;1em&#8221; background_color=&#8221;RGBA(255,255,255,0)&#8221; background_enable_color=&#8221;on&#8221; border_radii_child_wrapper_element=&#8221;on|12px|12px|12px|12px&#8221; box_shadow_style_child_wrapper_element=&#8221;preset1&#8243; box_shadow_vertical_child_wrapper_element=&#8221;0px&#8221; box_shadow_blur_child_wrapper_element=&#8221;8px&#8221; global_colors_info=&#8221;{}&#8221;]<\/p>\n<div class=\"text_container_custom\">\n<p class=\"title_custom1\">ALTAMIRA: $150.000 COP<\/p>\n<p class=\"title_custom2\">NIDO: $70.000 COP<\/p>\n<p class=\"title_custom3\">Non-refundable*<\/p>\n<\/div>\n<p>[\/difl_iconlistitem][difl_iconlistitem list_item_title=&#8221;Pay online&#8221; list_item_wrapper_background_bgcolor=&#8221;#FFFFFF&#8221; list_item_text_orientation=&#8221;center&#8221; list_item_icon=&#8221;&#xf53c;||fa||900&#8243; list_item_icon_placement=&#8221;column&#8221; list_item_icon_alignment=&#8221;center&#8221; list_item_wrapper_margin=&#8221;12px|12px|12px|12px|true|true&#8221; _builder_version=&#8221;4.27.4&#8243; child_title_text_font=&#8221;Montserrat|700|||||||&#8221; child_title_text_line_height=&#8221;1.5em&#8221; custom_css_main_element=&#8221;.text_container_custom {||  display:flex;||  flex-direction:column;||  gap:12px;||}||||.title_custom1, .title_custom2, .title_custom3 {||  margin:0;||  padding:0;||  line-height:1;||}||||.title_custom4 {||  line-height:1.5;||}||||.title_custom1 {||  margin-top:6px;||}&#8221; border_radii_child_wrapper_element=&#8221;on|12px|12px|12px|12px&#8221; box_shadow_style_child_wrapper_element=&#8221;preset1&#8243; box_shadow_vertical_child_wrapper_element=&#8221;0px&#8221; box_shadow_blur_child_wrapper_element=&#8221;8px&#8221; global_colors_info=&#8221;{}&#8221;]<\/p>\n<div class=\"text_container_custom\">\n<p class=\"title_custom4\">After completing the registration form, you will be redirected to the payment process.<\/p>\n<\/div>\n<p>[\/difl_iconlistitem][difl_iconlistitem list_item_title=&#8221;Pay at the bank&#8221; list_item_wrapper_background_bgcolor=&#8221;#FFFFFF&#8221; list_item_text_orientation=&#8221;center&#8221; list_item_icon=&#8221;&#xf19c;||fa||900&#8243; list_item_icon_placement=&#8221;column&#8221; list_item_icon_alignment=&#8221;center&#8221; list_item_wrapper_margin=&#8221;12px|12px|12px|12px|true|true&#8221; _builder_version=&#8221;4.27.5&#8243; child_title_text_font=&#8221;Montserrat|700|||||||&#8221; child_title_text_line_height=&#8221;1.5em&#8221; custom_css_main_element=&#8221;.text_container_custom {||  display:flex;||  flex-direction:column;||  gap:12px;||}||||.title_custom1, .title_custom2, .title_custom3 {||  margin:0;||  padding:0;||  line-height:1;||}||||.title_custom4 {||  line-height:1.5;||}||||.title_custom1 {||  margin-top:6px;||}&#8221; border_radii_child_wrapper_element=&#8221;on|12px|12px|12px|12px&#8221; box_shadow_style_child_wrapper_element=&#8221;preset1&#8243; box_shadow_vertical_child_wrapper_element=&#8221;0px&#8221; box_shadow_blur_child_wrapper_element=&#8221;8px&#8221; global_colors_info=&#8221;{}&#8221;]<\/p>\n<div class=\"text_container_custom\">\n<p class=\"title_custom1\">Corporaci\u00f3n Colegio Internacional Altamira<\/p>\n<p class=\"title_custom2\">NIT: 802008179-5<\/p>\n<p class=\"title_custom3\">Cuenta de ahorros Bancolombia: 69209746778<\/p>\n<\/div>\n<p>[\/difl_iconlistitem][\/difl_iconlist][\/et_pb_column][\/et_pb_row][et_pb_row module_id=&#8221;documents-attach&#8221; _builder_version=&#8221;4.27.5&#8243; _module_preset=&#8221;default&#8221; background_color=&#8221;RGBA(255,255,255,0)&#8221; custom_padding=&#8221;8px|20px|17px|20px|false|true&#8221; global_colors_info=&#8221;{}&#8221;][et_pb_column type=&#8221;4_4&#8243; _builder_version=&#8221;4.16&#8243; _module_preset=&#8221;default&#8221; global_colors_info=&#8221;{}&#8221;][et_pb_text _builder_version=&#8221;4.27.4&#8243; text_font=&#8221;Montserrat|800||on|||||&#8221; text_text_color=&#8221;gcid-a612011e-44df-40b6-b7e0-5b5af6fbec64&#8243; text_font_size=&#8221;30px&#8221; text_line_height=&#8221;1.5em&#8221; header_3_font=&#8221;|800|||||||&#8221; header_3_text_align=&#8221;center&#8221; header_3_text_color=&#8221;#b9171a&#8221; header_3_font_size=&#8221;37px&#8221; header_3_line_height=&#8221;1.2em&#8221; custom_margin=&#8221;|0px|17px|0px|false|false&#8221; custom_padding=&#8221;||||false|false&#8221; text_font_size_tablet=&#8221;24px&#8221; text_font_size_phone=&#8221;18px&#8221; text_font_size_last_edited=&#8221;on|phone&#8221; header_3_font_size_tablet=&#8221;&#8221; header_3_font_size_phone=&#8221;16px&#8221; header_3_font_size_last_edited=&#8221;on|phone&#8221; global_colors_info=&#8221;{%22gcid-a612011e-44df-40b6-b7e0-5b5af6fbec64%22:%91%22text_text_color%22%93}&#8221;]<\/p>\n<p>2 &#8211; Document Submission<\/p>\n<p>[\/et_pb_text][et_pb_text _builder_version=&#8221;4.27.4&#8243; text_font=&#8221;Montserrat||||||||&#8221; text_text_color=&#8221;#000000&#8243; text_font_size=&#8221;18px&#8221; text_line_height=&#8221;1.5em&#8221; custom_margin=&#8221;||15px|||&#8221; custom_padding=&#8221;|||50px|false|false&#8221; custom_padding_tablet=&#8221;|||0px|false|false&#8221; custom_padding_phone=&#8221;&#8221; custom_padding_last_edited=&#8221;on|tablet&#8221; text_font_size_tablet=&#8221;&#8221; text_font_size_phone=&#8221;14px&#8221; text_font_size_last_edited=&#8221;on|phone&#8221; global_colors_info=&#8221;{}&#8221;]<\/p>\n<p>Once the documents have been filled out, they will be sent directly to the admissions department and the admission process will formally begin<\/p>\n<p>[\/et_pb_text][et_pb_text _builder_version=&#8221;4.27.4&#8243; text_font=&#8221;Montserrat|700|||||||&#8221; text_text_color=&#8221;gcid-2b7b0f17-8373-424d-afa5-098ccb167cc1&#8243; text_font_size=&#8221;20px&#8221; custom_margin=&#8221;||-5px|||&#8221; custom_padding=&#8221;|||50px|false|false&#8221; custom_padding_tablet=&#8221;|||0px|false|false&#8221; custom_padding_phone=&#8221;&#8221; custom_padding_last_edited=&#8221;on|tablet&#8221; text_font_size_tablet=&#8221;&#8221; text_font_size_phone=&#8221;16px&#8221; text_font_size_last_edited=&#8221;on|phone&#8221; text_orientation_tablet=&#8221;center&#8221; text_orientation_phone=&#8221;&#8221; text_orientation_last_edited=&#8221;on|tablet&#8221; global_colors_info=&#8221;{%22gcid-2b7b0f17-8373-424d-afa5-098ccb167cc1%22:%91%22text_text_color%22%93}&#8221;]<\/p>\n<p>Document download:<\/p>\n<p>[\/et_pb_text][\/et_pb_column][\/et_pb_row][et_pb_row column_structure=&#8221;1_3,1_3,1_3&#8243; make_equal=&#8221;on&#8221; _builder_version=&#8221;4.27.5&#8243; _module_preset=&#8221;default&#8221; width=&#8221;70%&#8221; width_tablet=&#8221;70%&#8221; width_phone=&#8221;100%&#8221; width_last_edited=&#8221;on|phone&#8221; custom_padding=&#8221;|38px||38px|false|true&#8221; locked=&#8221;off&#8221; global_colors_info=&#8221;{}&#8221;][et_pb_column type=&#8221;1_3&#8243; _builder_version=&#8221;4.27.4&#8243; _module_preset=&#8221;default&#8221; background_color=&#8221;#FFFFFF&#8221; custom_padding=&#8221;20px|20px|20px|20px|false|false&#8221; border_radii=&#8221;on|8px|8px|8px|8px&#8221; box_shadow_style=&#8221;preset1&#8243; box_shadow_vertical=&#8221;0px&#8221; box_shadow_blur=&#8221;8px&#8221; global_colors_info=&#8221;{}&#8221;][et_pb_text _builder_version=&#8221;4.27.4&#8243; _module_preset=&#8221;default&#8221; text_font=&#8221;Montserrat|600|||||||&#8221; text_text_color=&#8221;gcid-a612011e-44df-40b6-b7e0-5b5af6fbec64&#8243; text_font_size=&#8221;16px&#8221; text_line_height=&#8221;1.2em&#8221; text_orientation=&#8221;center&#8221; custom_margin=&#8221;0px||12px||false|false&#8221; custom_padding=&#8221;0px||0px||false|false&#8221; global_colors_info=&#8221;{%22gcid-a612011e-44df-40b6-b7e0-5b5af6fbec64%22:%91%22text_text_color%22%93}&#8221;]Student&#8217;s School<br \/>\nReport[\/et_pb_text][difl_dual_button btn_left_background_bgcolor=&#8221;gcid-a612011e-44df-40b6-b7e0-5b5af6fbec64&#8243; btn_left_font_icon=&#8221;&#xf35d;||fa||900&#8243; btn_left_icon_color=&#8221;1&#8243; btn_right_font_icon=&#8221;&#xf35d;||fa||900&#8243; btn_right_icon_color=&#8221;1&#8243; left_button=&#8221;Document English&#8221; left_button_url=&#8221;https:\/\/na3.documents.adobe.com\/public\/esignWidget?wid=CBFCIBAA3AAABLblqZhBrYZt8yZ0nZaAyd4hXZ2ZnyMnQW2n6sYls0WOkxkZMaZuNx-QT70-y-zAMNoFPAmI*&#8221; left_button_target=&#8221;on&#8221; right_button=&#8221;Document Spanish&#8221; right_button_url=&#8221;https:\/\/na3.documents.adobe.com\/public\/esignWidget?wid=CBFCIBAA3AAABLblqZhDJOkjKLXruuA-7trjpxfTsROIBGh5-h5ED1owLHWiCGCqBy203wG92exkV8bBmzsI*&#8221; right_button_target=&#8221;on&#8221; button_separator=&#8221;on&#8221; left_button_padding=&#8221;8px|20px|8px|20px|true|true&#8221; right_button_padding=&#8221;8px|20px|8px|20px|true|true&#8221; button_separator_padding=&#8221;6px||6px||true|false&#8221; button_style=&#8221;column&#8221; alignment=&#8221;center&#8221; _builder_version=&#8221;4.27.6&#8243; _module_preset=&#8221;default&#8221; left_button_font=&#8221;Montserrat|600||on|||||&#8221; left_button_text_color=&#8221;#FFFFFF&#8221; left_button_font_size=&#8221;14px&#8221; right_button_font=&#8221;Montserrat|600||on|||||&#8221; right_button_text_color=&#8221;gcid-2b7b0f17-8373-424d-afa5-098ccb167cc1&#8243; right_button_font_size=&#8221;14px&#8221; hover_enabled=&#8221;0&#8243; border_radii_left_button=&#8221;on|6px|6px|6px|6px&#8221; border_width_all_left_button=&#8221;2px&#8221; border_color_all_left_button=&#8221;gcid-a612011e-44df-40b6-b7e0-5b5af6fbec64&#8243; border_radii_right_button=&#8221;on|6px|6px|6px|6px&#8221; border_width_all_right_button=&#8221;2px&#8221; border_color_all_right_button=&#8221;gcid-2b7b0f17-8373-424d-afa5-098ccb167cc1&#8243; global_colors_info=&#8221;{%22gcid-a612011e-44df-40b6-b7e0-5b5af6fbec64%22:%91%22btn_left_background_bgcolor%22,%22border_color_all_left_button%22%93,%22gcid-2b7b0f17-8373-424d-afa5-098ccb167cc1%22:%91%22right_button_text_color%22,%22border_color_all_right_button%22%93}&#8221; sticky_enabled=&#8221;0&#8243;][\/difl_dual_button][\/et_pb_column][et_pb_column type=&#8221;1_3&#8243; _builder_version=&#8221;4.27.4&#8243; _module_preset=&#8221;default&#8221; background_color=&#8221;#FFFFFF&#8221; custom_padding=&#8221;20px|20px|20px|20px|false|false&#8221; border_radii=&#8221;on|8px|8px|8px|8px&#8221; box_shadow_style=&#8221;preset1&#8243; box_shadow_vertical=&#8221;0px&#8221; box_shadow_blur=&#8221;8px&#8221; global_colors_info=&#8221;{}&#8221;][et_pb_text _builder_version=&#8221;4.27.4&#8243; _module_preset=&#8221;default&#8221; text_font=&#8221;Montserrat|600|||||||&#8221; text_text_color=&#8221;gcid-a612011e-44df-40b6-b7e0-5b5af6fbec64&#8243; text_font_size=&#8221;16px&#8221; text_line_height=&#8221;1.25em&#8221; text_orientation=&#8221;center&#8221; custom_margin=&#8221;0px||12px||false|false&#8221; custom_padding=&#8221;0px||0px||false|false&#8221; global_colors_info=&#8221;{%22gcid-a612011e-44df-40b6-b7e0-5b5af6fbec64%22:%91%22text_text_color%22%93}&#8221;]Families<br \/>\nRecommendation[\/et_pb_text][difl_dual_button btn_left_background_bgcolor=&#8221;gcid-a612011e-44df-40b6-b7e0-5b5af6fbec64&#8243; btn_left_font_icon=&#8221;&#xf35d;||fa||900&#8243; btn_left_icon_color=&#8221;1&#8243; btn_right_font_icon=&#8221;&#xf35d;||fa||900&#8243; btn_right_icon_color=&#8221;1&#8243; left_button=&#8221;Document English&#8221; left_button_url=&#8221;https:\/\/na3.documents.adobe.com\/public\/esignWidget?wid=CBFCIBAA3AAABLblqZhBDlj7RsAcHNluvK87iHFsW1Bw1YSbs3I9WScFgXXS6aM1NFXvZpFvprgI8BqLj3AA*&#8221; left_button_target=&#8221;on&#8221; right_button=&#8221;Document Spanish&#8221; right_button_url=&#8221;https:\/\/na3.documents.adobe.com\/public\/esignWidget?wid=CBFCIBAA3AAABLblqZhCWceOdy0JsxHdGyP4m9HJqRR9hSjafpGcEIQVOWBNyEtuH1o612f1e2VuE4HKdR-Y*&#8221; right_button_target=&#8221;on&#8221; button_separator=&#8221;on&#8221; left_button_padding=&#8221;8px|20px|8px|20px|true|true&#8221; right_button_padding=&#8221;8px|20px|8px|20px|true|true&#8221; button_separator_padding=&#8221;6px||6px||true|false&#8221; button_style=&#8221;column&#8221; alignment=&#8221;center&#8221; _builder_version=&#8221;4.27.4&#8243; _module_preset=&#8221;default&#8221; left_button_font=&#8221;Montserrat|600||on|||||&#8221; left_button_text_color=&#8221;#FFFFFF&#8221; left_button_font_size=&#8221;14px&#8221; right_button_font=&#8221;Montserrat|600||on|||||&#8221; right_button_text_color=&#8221;gcid-2b7b0f17-8373-424d-afa5-098ccb167cc1&#8243; right_button_font_size=&#8221;14px&#8221; border_radii_left_button=&#8221;on|6px|6px|6px|6px&#8221; border_width_all_left_button=&#8221;2px&#8221; border_color_all_left_button=&#8221;gcid-a612011e-44df-40b6-b7e0-5b5af6fbec64&#8243; border_radii_right_button=&#8221;on|6px|6px|6px|6px&#8221; border_width_all_right_button=&#8221;2px&#8221; border_color_all_right_button=&#8221;gcid-2b7b0f17-8373-424d-afa5-098ccb167cc1&#8243; global_colors_info=&#8221;{%22gcid-a612011e-44df-40b6-b7e0-5b5af6fbec64%22:%91%22btn_left_background_bgcolor%22,%22border_color_all_left_button%22%93,%22gcid-2b7b0f17-8373-424d-afa5-098ccb167cc1%22:%91%22right_button_text_color%22,%22border_color_all_right_button%22%93}&#8221;][\/difl_dual_button][\/et_pb_column][et_pb_column type=&#8221;1_3&#8243; _builder_version=&#8221;4.27.4&#8243; _module_preset=&#8221;default&#8221; background_color=&#8221;#FFFFFF&#8221; custom_padding=&#8221;20px|20px|20px|20px|false|false&#8221; border_radii=&#8221;on|8px|8px|8px|8px&#8221; box_shadow_style=&#8221;preset1&#8243; box_shadow_vertical=&#8221;0px&#8221; box_shadow_blur=&#8221;8px&#8221; global_colors_info=&#8221;{}&#8221;][et_pb_text _builder_version=&#8221;4.27.4&#8243; _module_preset=&#8221;default&#8221; text_font=&#8221;Montserrat|600|||||||&#8221; text_text_color=&#8221;gcid-a612011e-44df-40b6-b7e0-5b5af6fbec64&#8243; text_font_size=&#8221;16px&#8221; text_line_height=&#8221;1.25em&#8221; text_orientation=&#8221;center&#8221; custom_margin=&#8221;0px||12px||false|false&#8221; custom_padding=&#8221;0px||0px||false|false&#8221; global_colors_info=&#8221;{%22gcid-a612011e-44df-40b6-b7e0-5b5af6fbec64%22:%91%22text_text_color%22%93}&#8221;]Documents to attach to the<br \/>\napplication form[\/et_pb_text][difl_dual_button btn_left_background_bgcolor=&#8221;gcid-a612011e-44df-40b6-b7e0-5b5af6fbec64&#8243; btn_left_font_icon=&#8221;&#xf35d;||fa||900&#8243; btn_left_icon_color=&#8221;1&#8243; btn_right_font_icon=&#8221;&#xf35d;||fa||900&#8243; btn_right_icon_color=&#8221;1&#8243; left_button=&#8221;Document English&#8221; left_button_url=&#8221;https:\/\/drive.google.com\/file\/d\/1f2Cz74zF_B-00SjpGLIF-ouOjyPhXRKl\/view&#8221; left_button_target=&#8221;on&#8221; right_button=&#8221;Document Spanish&#8221; right_button_url=&#8221;https:\/\/drive.google.com\/file\/d\/1_E5_i74E2HXsbx1FBr9jd6lPEyvCYCyK\/view&#8221; right_button_target=&#8221;on&#8221; button_separator=&#8221;on&#8221; left_button_padding=&#8221;8px|20px|8px|20px|true|true&#8221; right_button_padding=&#8221;8px|20px|8px|20px|true|true&#8221; button_separator_padding=&#8221;6px||6px||true|false&#8221; button_style=&#8221;column&#8221; alignment=&#8221;center&#8221; _builder_version=&#8221;4.27.4&#8243; _module_preset=&#8221;default&#8221; left_button_font=&#8221;Montserrat|600||on|||||&#8221; left_button_text_color=&#8221;#FFFFFF&#8221; left_button_font_size=&#8221;14px&#8221; right_button_font=&#8221;Montserrat|600||on|||||&#8221; right_button_text_color=&#8221;gcid-2b7b0f17-8373-424d-afa5-098ccb167cc1&#8243; right_button_font_size=&#8221;14px&#8221; border_radii_left_button=&#8221;on|6px|6px|6px|6px&#8221; border_width_all_left_button=&#8221;2px&#8221; border_color_all_left_button=&#8221;gcid-a612011e-44df-40b6-b7e0-5b5af6fbec64&#8243; border_radii_right_button=&#8221;on|6px|6px|6px|6px&#8221; border_width_all_right_button=&#8221;2px&#8221; border_color_all_right_button=&#8221;gcid-2b7b0f17-8373-424d-afa5-098ccb167cc1&#8243; global_colors_info=&#8221;{%22gcid-a612011e-44df-40b6-b7e0-5b5af6fbec64%22:%91%22btn_left_background_bgcolor%22,%22border_color_all_left_button%22%93,%22gcid-2b7b0f17-8373-424d-afa5-098ccb167cc1%22:%91%22right_button_text_color%22,%22border_color_all_right_button%22%93}&#8221;][\/difl_dual_button][\/et_pb_column][\/et_pb_row][et_pb_row _builder_version=&#8221;4.27.4&#8243; _module_preset=&#8221;default&#8221; background_color=&#8221;RGBA(255,255,255,0)&#8221; custom_padding=&#8221;40px|20px|40px|20px|false|true&#8221; global_colors_info=&#8221;{}&#8221;][et_pb_column type=&#8221;4_4&#8243; _builder_version=&#8221;4.16&#8243; _module_preset=&#8221;default&#8221; global_colors_info=&#8221;{}&#8221;][et_pb_text _builder_version=&#8221;4.27.4&#8243; text_font=&#8221;Montserrat|800||on|||||&#8221; text_text_color=&#8221;gcid-a612011e-44df-40b6-b7e0-5b5af6fbec64&#8243; text_font_size=&#8221;30px&#8221; text_line_height=&#8221;1.5em&#8221; header_3_font=&#8221;|800|||||||&#8221; header_3_text_align=&#8221;center&#8221; header_3_text_color=&#8221;#b9171a&#8221; header_3_font_size=&#8221;37px&#8221; header_3_line_height=&#8221;1.2em&#8221; custom_margin=&#8221;|0px|13px|0px|false|false&#8221; custom_padding=&#8221;||||false|false&#8221; text_font_size_tablet=&#8221;24px&#8221; text_font_size_phone=&#8221;18px&#8221; text_font_size_last_edited=&#8221;on|phone&#8221; header_3_font_size_tablet=&#8221;&#8221; header_3_font_size_phone=&#8221;16px&#8221; header_3_font_size_last_edited=&#8221;on|phone&#8221; global_colors_info=&#8221;{%22gcid-a612011e-44df-40b6-b7e0-5b5af6fbec64%22:%91%22text_text_color%22%93}&#8221;]<\/p>\n<p>3 &#8211; Interview with the school&#8217;s Counserlor and academic ASSESSMENT<\/p>\n<p>[\/et_pb_text][et_pb_text _builder_version=&#8221;4.27.4&#8243; text_font=&#8221;Montserrat||||||||&#8221; text_text_color=&#8221;#000000&#8243; text_font_size=&#8221;18px&#8221; text_line_height=&#8221;1.5em&#8221; custom_padding=&#8221;|||50px|false|false&#8221; custom_padding_tablet=&#8221;|||0px|false|false&#8221; custom_padding_phone=&#8221;&#8221; custom_padding_last_edited=&#8221;on|tablet&#8221; text_font_size_tablet=&#8221;&#8221; text_font_size_phone=&#8221;14px&#8221; text_font_size_last_edited=&#8221;on|phone&#8221; global_colors_info=&#8221;{}&#8221;]<\/p>\n<p>Once the school receives the required documents, the applicants will be contacted by the admissions committee to schedule an in campus appointment. The applicant will take the academic screening.<\/p>\n<p>[\/et_pb_text][\/et_pb_column][\/et_pb_row][et_pb_row _builder_version=&#8221;4.27.4&#8243; _module_preset=&#8221;default&#8221; background_color=&#8221;RGBA(255,255,255,0)&#8221; custom_padding=&#8221;22px|20px||20px|false|true&#8221; global_colors_info=&#8221;{}&#8221;][et_pb_column type=&#8221;4_4&#8243; _builder_version=&#8221;4.16&#8243; _module_preset=&#8221;default&#8221; global_colors_info=&#8221;{}&#8221;][et_pb_text _builder_version=&#8221;4.27.4&#8243; text_font=&#8221;Montserrat|800||on|||||&#8221; text_text_color=&#8221;gcid-a612011e-44df-40b6-b7e0-5b5af6fbec64&#8243; text_font_size=&#8221;30px&#8221; text_line_height=&#8221;1.5em&#8221; header_3_font=&#8221;|800|||||||&#8221; header_3_text_align=&#8221;center&#8221; header_3_text_color=&#8221;#b9171a&#8221; header_3_font_size=&#8221;37px&#8221; header_3_line_height=&#8221;1.2em&#8221; custom_margin=&#8221;|0px|13px|0px|false|true&#8221; custom_padding=&#8221;||||false|false&#8221; text_font_size_tablet=&#8221;24px&#8221; text_font_size_phone=&#8221;18px&#8221; text_font_size_last_edited=&#8221;on|phone&#8221; header_3_font_size_tablet=&#8221;&#8221; header_3_font_size_phone=&#8221;16px&#8221; header_3_font_size_last_edited=&#8221;on|phone&#8221; global_colors_info=&#8221;{%22gcid-a612011e-44df-40b6-b7e0-5b5af6fbec64%22:%91%22text_text_color%22%93}&#8221;]<\/p>\n<p>4 &#8211; RESPONSE OF THE ADMISSION PROCESS<\/p>\n<p>[\/et_pb_text][et_pb_text _builder_version=&#8221;4.27.4&#8243; text_font=&#8221;||||||||&#8221; text_text_color=&#8221;#000000&#8243; text_font_size=&#8221;18px&#8221; text_line_height=&#8221;1.5em&#8221; custom_padding=&#8221;|||50px|false|false&#8221; custom_padding_tablet=&#8221;|||0px|false|false&#8221; custom_padding_phone=&#8221;&#8221; custom_padding_last_edited=&#8221;on|tablet&#8221; text_font_size_tablet=&#8221;&#8221; text_font_size_phone=&#8221;14px&#8221; text_font_size_last_edited=&#8221;on|phone&#8221; global_colors_info=&#8221;{}&#8221;]<\/p>\n<div>\n<div>\n<div>The committee will take a certain amount of time to provide responses to applicant families and will send an email with the response regarding the admission decision, remembering that it will be subject to availability of places. The school reserves the right of admission.<\/div>\n<\/div>\n<\/div>\n<p>[\/et_pb_text][\/et_pb_column][\/et_pb_row][\/et_pb_section][et_pb_section fb_built=&#8221;1&#8243; _builder_version=&#8221;4.27.4&#8243; _module_preset=&#8221;default&#8221; background_color=&#8221;gcid-a612011e-44df-40b6-b7e0-5b5af6fbec64&#8243; custom_padding=&#8221;40px||40px|||&#8221; global_colors_info=&#8221;{%22gcid-a612011e-44df-40b6-b7e0-5b5af6fbec64%22:%91%22background_color%22%93}&#8221;][et_pb_row column_structure=&#8221;1_2,1_2&#8243; _builder_version=&#8221;4.27.4&#8243; _module_preset=&#8221;default&#8221; global_colors_info=&#8221;{}&#8221;][et_pb_column type=&#8221;1_2&#8243; _builder_version=&#8221;4.27.4&#8243; _module_preset=&#8221;default&#8221; global_colors_info=&#8221;{}&#8221;][et_pb_text _builder_version=&#8221;4.27.4&#8243; _module_preset=&#8221;default&#8221; text_font=&#8221;Montserrat|700|||||||&#8221; text_text_color=&#8221;#FFFFFF&#8221; text_font_size=&#8221;36px&#8221; text_line_height=&#8221;1.5em&#8221; global_colors_info=&#8221;{}&#8221;]<\/p>\n<p>EXPLORE OUR TOUR VIRTUAL 360\u00b0<\/p>\n<p>[\/et_pb_text][et_pb_button button_text=&#8221;\u00a1Comienza el recorrido virtual!&#8221; _builder_version=&#8221;4.27.4&#8243; _module_preset=&#8221;default&#8221; custom_button=&#8221;on&#8221; button_text_size=&#8221;18px&#8221; button_text_color=&#8221;gcid-80f04bbe-6eb5-4831-b61d-300da41640a9&#8243; button_bg_color=&#8221;gcid-2b7b0f17-8373-424d-afa5-098ccb167cc1&#8243; button_border_color=&#8221;gcid-2b7b0f17-8373-424d-afa5-098ccb167cc1&#8243; button_border_radius=&#8221;4px&#8221; global_colors_info=&#8221;{%22gcid-2b7b0f17-8373-424d-afa5-098ccb167cc1%22:%91%22button_bg_color%22,%22button_border_color%22%93,%22gcid-80f04bbe-6eb5-4831-b61d-300da41640a9%22:%91%22button_text_color%22%93}&#8221;][\/et_pb_button][\/et_pb_column][et_pb_column type=&#8221;1_2&#8243; _builder_version=&#8221;4.27.4&#8243; _module_preset=&#8221;default&#8221; global_colors_info=&#8221;{}&#8221;][et_pb_code _builder_version=&#8221;4.27.4&#8243; _module_preset=&#8221;default&#8221; text_orientation=&#8221;center&#8221; width=&#8221;80%&#8221; module_alignment=&#8221;center&#8221; height=&#8221;100%&#8221; border_radii=&#8221;on|8px|8px|8px|8px&#8221; global_colors_info=&#8221;{}&#8221;]<iframe loading=\"lazy\" width=\"100%\" height=\"350\" frameborder=\"0\" allow=\"xr-spatial-tracking; gyroscope; accelerometer\" allowfullscreen scrolling=\"no\" src=\"https:\/\/kuula.co\/share\/collection\/7cTw4?logo=-1&#038;info=0&#038;fs=1&#038;vr=0&#038;gyro=0&#038;autorotate=0.91&#038;autop=5&#038;autopalt=1&#038;thumbs=-1&#038;inst=0&#038;keys=0\"><\/iframe>[\/et_pb_code][\/et_pb_column][\/et_pb_row][\/et_pb_section][et_pb_section fb_built=&#8221;1&#8243; disabled_on=&#8221;off|off|off&#8221; _builder_version=&#8221;4.27.4&#8243; _module_preset=&#8221;default&#8221; background_color=&#8221;gcid-a612011e-44df-40b6-b7e0-5b5af6fbec64&#8243; custom_padding=&#8221;45px||45px|||&#8221; locked=&#8221;off&#8221; global_colors_info=&#8221;{%22gcid-a612011e-44df-40b6-b7e0-5b5af6fbec64%22:%91%22background_color%22%93}&#8221;][et_pb_row _builder_version=&#8221;4.27.4&#8243; _module_preset=&#8221;default&#8221; width=&#8221;90%&#8221; max_width=&#8221;100%&#8221; module_alignment=&#8221;center&#8221; global_colors_info=&#8221;{}&#8221;][et_pb_column type=&#8221;4_4&#8243; _builder_version=&#8221;4.27.4&#8243; _module_preset=&#8221;default&#8221; global_colors_info=&#8221;{}&#8221;][et_pb_text _builder_version=&#8221;4.27.4&#8243; _module_preset=&#8221;default&#8221; text_font=&#8221;Montserrat|700|||||||&#8221; text_text_color=&#8221;#FFFFFF&#8221; text_font_size=&#8221;36px&#8221; text_line_height=&#8221;1.5em&#8221; custom_margin=&#8221;24px|||||&#8221; custom_margin_tablet=&#8221;24px|||||&#8221; custom_margin_phone=&#8221;0px||5px||false|false&#8221; custom_margin_last_edited=&#8221;on|phone&#8221; text_orientation_tablet=&#8221;center&#8221; text_orientation_phone=&#8221;center&#8221; text_orientation_last_edited=&#8221;on|phone&#8221; global_colors_info=&#8221;{}&#8221;]<\/p>\n<p>PREGUNTAS FRECUENTES<\/p>\n<p>[\/et_pb_text][et_pb_accordion open_toggle_text_color=&#8221;gcid-2b7b0f17-8373-424d-afa5-098ccb167cc1&#8243; open_toggle_background_color=&#8221;#FFFFFF&#8221; closed_toggle_text_color=&#8221;gcid-a612011e-44df-40b6-b7e0-5b5af6fbec64&#8243; closed_toggle_background_color=&#8221;#FFFFFF&#8221; icon_color=&#8221;gcid-2b7b0f17-8373-424d-afa5-098ccb167cc1&#8243; _builder_version=&#8221;4.27.5&#8243; _module_preset=&#8221;default&#8221; toggle_text_color=&#8221;gcid-a612011e-44df-40b6-b7e0-5b5af6fbec64&#8243; toggle_font=&#8221;Montserrat||||||||&#8221; closed_toggle_font=&#8221;Montserrat||||||||&#8221; body_font=&#8221;Montserrat||||||||&#8221; global_colors_info=&#8221;{%22gcid-2b7b0f17-8373-424d-afa5-098ccb167cc1%22:%91%22open_toggle_text_color%22,%22icon_color%22%93,%22gcid-a612011e-44df-40b6-b7e0-5b5af6fbec64%22:%91%22toggle_text_color%22,%22closed_toggle_text_color%22%93}&#8221;][et_pb_accordion_item title=&#8221;\u00bfCu\u00e1l es el proceso de admisi\u00f3n en el Colegio Altamira?&#8221; open_toggle_text_color=&#8221;gcid-c06f992e-1a1f-4a27-8457-39b06448a507&#8243; open_toggle_background_color=&#8221;#FFFFFF&#8221; closed_toggle_background_color=&#8221;#FFFFFF&#8221; toggle_icon=&#8221;&#xf067;||fa||900&#8243; _builder_version=&#8221;4.27.5&#8243; _module_preset=&#8221;default&#8221; body_text_color=&#8221;#000000&#8243; body_line_height=&#8221;1.5em&#8221; custom_margin=&#8221;12px||12px||true|false&#8221; custom_padding=&#8221;|24px||24px|false|true&#8221; border_radii=&#8221;on|12px|12px|12px|12px&#8221; global_colors_info=&#8221;{%22gcid-c06f992e-1a1f-4a27-8457-39b06448a507%22:%91%22open_toggle_text_color%22%93}&#8221; toggle_font=&#8221;|600|||||||&#8221; toggle_line_height=&#8221;1.2em&#8221; open=&#8221;on&#8221;]<\/p>\n<p>El proceso de admisi\u00f3n en el Colegio Altamira consta de los siguientes pasos:<br \/><strong>1). Preinscripci\u00f3n:<\/strong> Completa el formulario en nuestra <strong><a href=\"https:\/\/altamira.edu.co\/admission-process\/#registration\">p\u00e1gina web<\/a>.<\/strong><br \/><strong>2). Entrega de documentos:<\/strong> Presentar la documentaci\u00f3n requerida (registro civil, boletines acad\u00e9micos, referencias escolares, entre otros).<br \/><strong>3). Entrevista y ex\u00e1menes:<\/strong> Se programa una cita con el equipo de admisiones y una evaluaci\u00f3n diagn\u00f3stica para el estudiante.<br \/><strong>4). Evaluaci\u00f3n y decisi\u00f3n:<\/strong> El comit\u00e9 de admisiones revisa la solicitud y comunica la decisi\u00f3n.<br \/><strong>5). Matr\u00edcula:<\/strong> Si el estudiante es admitido, se procede con la firma del contrato y el pago de los derechos de matr\u00edcula.<\/p>\n<p>[\/et_pb_accordion_item][et_pb_accordion_item title=&#8221;\u00bfC\u00f3mo puedo agendar una visita al colegio?&#8221; open=&#8221;off&#8221; open_toggle_text_color=&#8221;gcid-c06f992e-1a1f-4a27-8457-39b06448a507&#8243; open_toggle_background_color=&#8221;#FFFFFF&#8221; closed_toggle_background_color=&#8221;#FFFFFF&#8221; toggle_icon=&#8221;&#xf067;||fa||900&#8243; _builder_version=&#8221;4.27.5&#8243; _module_preset=&#8221;default&#8221; body_text_color=&#8221;#000000&#8243; body_line_height=&#8221;1.5em&#8221; custom_margin=&#8221;12px||12px||true|false&#8221; custom_padding=&#8221;|24px||24px|false|true&#8221; border_radii=&#8221;on|12px|12px|12px|12px&#8221; global_colors_info=&#8221;{%22gcid-c06f992e-1a1f-4a27-8457-39b06448a507%22:%91%22open_toggle_text_color%22%93}&#8221; toggle_font=&#8221;|600|||||||&#8221; toggle_line_height=&#8221;1.2em&#8221;]<\/p>\n<p>Deber\u00e1s realizar la preinscripci\u00f3n en la pagina web en la secci\u00f3n de <strong><a href=\"https:\/\/altamira.edu.co\/admission-process\/#registration\">admisiones<\/a><\/strong> y nuestro equipo te estar\u00e1 contactando para agendar la visita.<\/p>\n<p>[\/et_pb_accordion_item][et_pb_accordion_item title=&#8221;\u00bfEn qu\u00e9 momento puedo aplicar para admisiones?&#8221; open_toggle_text_color=&#8221;gcid-c06f992e-1a1f-4a27-8457-39b06448a507&#8243; open_toggle_background_color=&#8221;#FFFFFF&#8221; closed_toggle_background_color=&#8221;#FFFFFF&#8221; toggle_icon=&#8221;&#xf067;||fa||900&#8243; _builder_version=&#8221;4.27.5&#8243; _module_preset=&#8221;default&#8221; body_text_color=&#8221;#000000&#8243; body_line_height=&#8221;1.5em&#8221; custom_margin=&#8221;12px||12px||true|false&#8221; custom_padding=&#8221;|24px||24px|false|true&#8221; border_radii=&#8221;on|12px|12px|12px|12px&#8221; global_colors_info=&#8221;{%22gcid-c06f992e-1a1f-4a27-8457-39b06448a507%22:%91%22open_toggle_text_color%22%93}&#8221; toggle_font=&#8221;|600|||||||&#8221; toggle_line_height=&#8221;1.2em&#8221; open=&#8221;off&#8221;]<\/p>\n<p>Recibimos solicitudes de admisi\u00f3n durante todo el a\u00f1o escolar,\u00a0 siempre y cuando haya disponibilidad de cupos en el grado solicitado. Sin embargo, recomendamos iniciar el proceso con anticipaci\u00f3n (enero a marzo), especialmente para el inicio de un nuevo a\u00f1o acad\u00e9mico.<\/p>\n<p>[\/et_pb_accordion_item][et_pb_accordion_item title=&#8221;\u00bfPuedo aplicar para ingresar a mitad de a\u00f1o?&#8221; open_toggle_text_color=&#8221;gcid-c06f992e-1a1f-4a27-8457-39b06448a507&#8243; open_toggle_background_color=&#8221;#FFFFFF&#8221; closed_toggle_background_color=&#8221;#FFFFFF&#8221; toggle_icon=&#8221;&#xf067;||fa||900&#8243; _builder_version=&#8221;4.27.5&#8243; _module_preset=&#8221;default&#8221; body_text_color=&#8221;#000000&#8243; body_line_height=&#8221;1.5em&#8221; custom_margin=&#8221;12px||12px||true|false&#8221; custom_padding=&#8221;|24px||24px|false|true&#8221; border_radii=&#8221;on|12px|12px|12px|12px&#8221; global_colors_info=&#8221;{%22gcid-c06f992e-1a1f-4a27-8457-39b06448a507%22:%91%22open_toggle_text_color%22%93}&#8221; toggle_font=&#8221;|600|||||||&#8221; toggle_line_height=&#8221;1.2em&#8221; open=&#8221;off&#8221;]<\/p>\n<p>S\u00ed, es posible aplicar para ingresar a mitad de a\u00f1o, siempre y cuando haya disponibilidad de cupos en el grado correspondiente.<br \/>Entendemos que cada estudiante tiene un proceso de adaptaci\u00f3n \u00fanico, por lo que, para garantizar una transici\u00f3n exitosa, las familias de los estudiantes admitidos en fechas tard\u00edas se comprometen a apoyar el proceso de nivelaci\u00f3n y recuperaci\u00f3n de sus hijos. Para ello:<br \/><strong>1).<\/strong> Se proporcionar\u00e1 un plan de trabajo que permitir\u00e1 al estudiante ponerse al d\u00eda con las tem\u00e1ticas desarrolladas.<br \/><strong>2).<\/strong> Si es necesario, se recomendar\u00e1 una tutor\u00eda acad\u00e9mica externa, cuyo costo estar\u00e1 a cargo de la familia.<br \/><strong>3).<\/strong> Se definir\u00e1n tiempos de reteaching con los estudiantes, despu\u00e9s de la jornada escolar (previa validaci\u00f3n y autorizaci\u00f3n por parrte de las vicerrector\u00edas).<\/p>\n<p>[\/et_pb_accordion_item][et_pb_accordion_item title=&#8221;\u00bfCu\u00e1les son los requisitos para estudiantes extranjeros?&#8221; open_toggle_text_color=&#8221;gcid-c06f992e-1a1f-4a27-8457-39b06448a507&#8243; open_toggle_background_color=&#8221;#FFFFFF&#8221; closed_toggle_background_color=&#8221;#FFFFFF&#8221; toggle_icon=&#8221;&#xf067;||fa||900&#8243; _builder_version=&#8221;4.27.5&#8243; _module_preset=&#8221;default&#8221; body_text_color=&#8221;#000000&#8243; body_line_height=&#8221;1.5em&#8221; custom_margin=&#8221;12px||12px||true|false&#8221; custom_padding=&#8221;|24px||24px|false|true&#8221; border_radii=&#8221;on|12px|12px|12px|12px&#8221; global_colors_info=&#8221;{%22gcid-c06f992e-1a1f-4a27-8457-39b06448a507%22:%91%22open_toggle_text_color%22%93}&#8221; toggle_font=&#8221;|600|||||||&#8221; toggle_line_height=&#8221;1.2em&#8221; open=&#8221;off&#8221;]<\/p>\n<p>Los requisitos podr\u00e1s encontrarlos en la p\u00e1gina de admisiones, en la secci\u00f3n de <strong><a href=\"https:\/\/altamira.edu.co\/admission-process\/#documents-attach\">Document Submission<\/a><\/strong>.<\/p>\n<p>Ten en cuenta tambi\u00e9n:<\/p>\n<p>&#8211; Los certificados de notas que se presenten deber\u00e1n estar apostillados por el pa\u00eds de origen.<br \/>&#8211; Dichos certificados deber\u00e1n ser convalidados ante el Ministerio de Educaci\u00f3n Nacional.<br \/>&#8211; Si los certificados fueron emitidos en un idioma diferente al espa\u00f1ol, deber\u00e1n ser traducidos.<br \/>&#8211; Se deber\u00e1 presentar el pasaporte del estudiante.<br \/>&#8211; Tambi\u00e9n se deber\u00e1 presentar una visa que avale la permanencia del estudiante en el pa\u00eds.<\/p>\n<p>[\/et_pb_accordion_item][et_pb_accordion_item title=&#8221;\u00bfDesde qu\u00e9 edad se puede ingresar al colegio?&#8221; open_toggle_text_color=&#8221;gcid-c06f992e-1a1f-4a27-8457-39b06448a507&#8243; open_toggle_background_color=&#8221;#FFFFFF&#8221; closed_toggle_background_color=&#8221;#FFFFFF&#8221; toggle_icon=&#8221;&#xf067;||fa||900&#8243; _builder_version=&#8221;4.27.4&#8243; _module_preset=&#8221;default&#8221; body_text_color=&#8221;#000000&#8243; body_line_height=&#8221;1.5em&#8221; custom_margin=&#8221;12px||12px||true|false&#8221; custom_padding=&#8221;|24px||24px|false|true&#8221; border_radii=&#8221;on|12px|12px|12px|12px&#8221; global_colors_info=&#8221;{%22gcid-c06f992e-1a1f-4a27-8457-39b06448a507%22:%91%22open_toggle_text_color%22%93}&#8221; toggle_font=&#8221;|600|||||||&#8221; toggle_line_height=&#8221;1.2em&#8221; open=&#8221;off&#8221;]<\/p>\n<p>Nuestro colegio inicia el biling\u00fcismo desde Prekinder y llegamos hasta grado 12.<br \/>Los ni\u00f1os pueden aplicar con las siguientes edades:<\/p>\n<ul>\n<li><strong>Prekinder:<\/strong> 4 a\u00f1os cumplidos antes de 30 de junio .<\/li>\n<li><strong>Kinder:<\/strong> 5 a\u00f1os cumplidos antes de 30 de junio.<\/li>\n<li><strong>1\u00b0 grado:<\/strong> 6 a\u00f1os cumplidos antes\u00a0de\u00a0junio\u00a030.<\/li>\n<\/ul>\n<p>[\/et_pb_accordion_item][et_pb_accordion_item title=&#8221;\u00bfQu\u00e9 significa que estoy en lista de espera?&#8221; open_toggle_text_color=&#8221;gcid-c06f992e-1a1f-4a27-8457-39b06448a507&#8243; open_toggle_background_color=&#8221;#FFFFFF&#8221; closed_toggle_background_color=&#8221;#FFFFFF&#8221; toggle_icon=&#8221;&#xf067;||fa||900&#8243; _builder_version=&#8221;4.27.5&#8243; _module_preset=&#8221;default&#8221; body_text_color=&#8221;#000000&#8243; body_line_height=&#8221;1.5em&#8221; custom_margin=&#8221;12px||12px||true|false&#8221; custom_padding=&#8221;|24px||24px|false|true&#8221; border_radii=&#8221;on|12px|12px|12px|12px&#8221; global_colors_info=&#8221;{%22gcid-c06f992e-1a1f-4a27-8457-39b06448a507%22:%91%22open_toggle_text_color%22%93}&#8221; toggle_font=&#8221;|600|||||||&#8221; toggle_line_height=&#8221;1.2em&#8221; open=&#8221;off&#8221;]<\/p>\n<p>Estar en lista de espera, no garantiza que tendr\u00e1 un cupo seguro, solo significa que, aunque usted haya aplicado, en este momento <strong>no hay cupos disponibles<\/strong> en el grado solicitado.<br \/>En caso de que se libere un cupo, m\u00e1s adelante, nos pondremos en contacto con usted de inmediato para brindarle la oportunidad de continuar\u00a0con\u00a0el\u00a0proceso.<\/p>\n<p>[\/et_pb_accordion_item][et_pb_accordion_item title=&#8221;\u00bfC\u00faando son las matr\u00edculas ordinarias?&#8221; open_toggle_text_color=&#8221;gcid-c06f992e-1a1f-4a27-8457-39b06448a507&#8243; open_toggle_background_color=&#8221;#FFFFFF&#8221; closed_toggle_background_color=&#8221;#FFFFFF&#8221; toggle_icon=&#8221;&#xf067;||fa||900&#8243; title_last_edited=&#8221;off|desktop&#8221; _builder_version=&#8221;4.27.5&#8243; _module_preset=&#8221;default&#8221; body_text_color=&#8221;#000000&#8243; body_line_height=&#8221;1.5em&#8221; custom_margin=&#8221;12px||12px||true|false&#8221; custom_padding=&#8221;|24px||24px|false|true&#8221; border_radii=&#8221;on|12px|12px|12px|12px&#8221; global_colors_info=&#8221;{%22gcid-c06f992e-1a1f-4a27-8457-39b06448a507%22:%91%22open_toggle_text_color%22%93}&#8221; toggle_font=&#8221;|600|||||||&#8221; toggle_line_height=&#8221;1.2em&#8221; open=&#8221;off&#8221;]<\/p>\n<p>Siendo un colegio calendario B, nuestro a\u00f1o escolar va de agosto a junio, raz\u00f3n por la cual nuestras matr\u00edculas ordinarias se realizan en el tramo final de nuestro a\u00f1o escolar durante un periodo de tres semanas, arrancando generalmente en la ultima semana del mes de mayo.<\/p>\n<p>[\/et_pb_accordion_item][et_pb_accordion_item title=&#8221;\u00bfQu\u00e9 debo hacer si requiero de alg\u00fan tipo de certificado por parte del colegio?&#8221; open_toggle_text_color=&#8221;gcid-c06f992e-1a1f-4a27-8457-39b06448a507&#8243; open_toggle_background_color=&#8221;#FFFFFF&#8221; closed_toggle_background_color=&#8221;#FFFFFF&#8221; toggle_icon=&#8221;&#xf067;||fa||900&#8243; title_last_edited=&#8221;off|desktop&#8221; _builder_version=&#8221;4.27.5&#8243; _module_preset=&#8221;default&#8221; body_text_color=&#8221;#000000&#8243; body_line_height=&#8221;1.5em&#8221; custom_margin=&#8221;12px||12px||true|false&#8221; custom_padding=&#8221;|24px||24px|false|true&#8221; border_radii=&#8221;on|12px|12px|12px|12px&#8221; global_colors_info=&#8221;{%22gcid-c06f992e-1a1f-4a27-8457-39b06448a507%22:%91%22open_toggle_text_color%22%93}&#8221; toggle_font=&#8221;|600|||||||&#8221; toggle_line_height=&#8221;1.2em&#8221; open=&#8221;off&#8221;]<\/p>\n<p>Los certificados y constancias acad\u00e9micas se tramitan directamente a trav\u00e9s de nuestra p\u00e1gina, en el siguiente enlace: <strong><a href=\"https:\/\/mindset.com.co\/certificados\/generar_certificados\" target=\"_blank\" rel=\"noopener\">Haz click aqu\u00ed<\/a><\/strong><\/p>\n<p>Ten presente que:<\/p>\n<p>&#8211; Cada certificado tiene un valor de $15.000 COP.<br \/>&#8211; El pago podr\u00e1 realizarse directamente en la p\u00e1gina web.<br \/>&#8211; El tiempo de entrega es de 5 a 7 d\u00edas h\u00e1biles despu\u00e9s de realizada la solicitud y confirmado el pago.<\/p>\n<p>[\/et_pb_accordion_item][\/et_pb_accordion][\/et_pb_column][\/et_pb_row][et_pb_row make_equal=&#8221;on&#8221; disabled_on=&#8221;on|on|on&#8221; _builder_version=&#8221;4.27.4&#8243; _module_preset=&#8221;default&#8221; width=&#8221;90%&#8221; max_width=&#8221;100%&#8221; module_alignment=&#8221;center&#8221; disabled=&#8221;on&#8221; global_colors_info=&#8221;{}&#8221;][et_pb_column type=&#8221;4_4&#8243; _builder_version=&#8221;4.27.4&#8243; _module_preset=&#8221;default&#8221; global_colors_info=&#8221;{}&#8221;][et_pb_text _builder_version=&#8221;4.27.4&#8243; _module_preset=&#8221;default&#8221; text_font=&#8221;|600|||||||&#8221; text_text_color=&#8221;#FFFFFF&#8221; text_font_size=&#8221;18px&#8221; custom_margin=&#8221;||12px|||&#8221; global_colors_info=&#8221;{}&#8221;]<\/p>\n<p>Admisiones y matr\u00edculas<\/p>\n<p>[\/et_pb_text][et_pb_text disabled_on=&#8221;on|on|on&#8221; _builder_version=&#8221;4.27.4&#8243; _module_preset=&#8221;default&#8221; text_font=&#8221;|600|||||||&#8221; text_text_color=&#8221;#FFFFFF&#8221; text_font_size=&#8221;18px&#8221; custom_margin=&#8221;||12px|||&#8221; disabled=&#8221;on&#8221; locked=&#8221;off&#8221; global_colors_info=&#8221;{}&#8221;]<\/p>\n<p>Programas Acad\u00e9micos<\/p>\n<p>[\/et_pb_text][et_pb_accordion closed_toggle_text_color=&#8221;gcid-c06f992e-1a1f-4a27-8457-39b06448a507&#8243; icon_color=&#8221;gcid-heading-color&#8221; disabled_on=&#8221;on|on|on&#8221; _builder_version=&#8221;4.27.4&#8243; _module_preset=&#8221;default&#8221; disabled=&#8221;on&#8221; locked=&#8221;off&#8221; global_colors_info=&#8221;{%22gcid-c06f992e-1a1f-4a27-8457-39b06448a507%22:%91%22closed_toggle_text_color%22%93,%22gcid-heading-color%22:%91%22icon_color%22%93}&#8221;][et_pb_accordion_item title=&#8221;\u00bfQu\u00e9 niveles educativos ofrece el colegio?&#8221; open=&#8221;on&#8221; open_toggle_text_color=&#8221;gcid-c06f992e-1a1f-4a27-8457-39b06448a507&#8243; open_toggle_background_color=&#8221;#FFFFFF&#8221; closed_toggle_background_color=&#8221;#FFFFFF&#8221; toggle_icon=&#8221;&#xf067;||fa||900&#8243; _builder_version=&#8221;4.27.4&#8243; _module_preset=&#8221;default&#8221; body_text_color=&#8221;#000000&#8243; body_line_height=&#8221;1.5em&#8221; custom_margin=&#8221;12px||12px||true|false&#8221; custom_padding=&#8221;|24px||24px|false|true&#8221; border_radii=&#8221;on|12px|12px|12px|12px&#8221; global_colors_info=&#8221;{%22gcid-c06f992e-1a1f-4a27-8457-39b06448a507%22:%91%22open_toggle_text_color%22%93}&#8221; toggle_font=&#8221;|600|||||||&#8221; toggle_line_height=&#8221;1.2em&#8221;]<\/p>\n<p>Ofrecemos educaci\u00f3n en los siguientes niveles:<br \/><strong>Preescolar:<\/strong> Prekinder, Kinder y Primero.<br \/><strong>Primaria:<\/strong> Desde Segundo hasta Sexto grado.<br \/><strong>Secundaria:<\/strong> Desde S\u00e9ptimo hasta duod\u00e9cimo grado.<\/p>\n<p>[\/et_pb_accordion_item][et_pb_accordion_item title=&#8221;\u00bfQu\u00e9 titulaci\u00f3n ofrece el Colegio?&#8221; open_toggle_text_color=&#8221;gcid-c06f992e-1a1f-4a27-8457-39b06448a507&#8243; open_toggle_background_color=&#8221;#FFFFFF&#8221; closed_toggle_background_color=&#8221;#FFFFFF&#8221; toggle_icon=&#8221;&#xf067;||fa||900&#8243; _builder_version=&#8221;4.27.4&#8243; _module_preset=&#8221;default&#8221; body_text_color=&#8221;#000000&#8243; body_line_height=&#8221;1.5em&#8221; custom_margin=&#8221;12px||12px||true|false&#8221; custom_padding=&#8221;|24px||24px|false|true&#8221; border_radii=&#8221;on|12px|12px|12px|12px&#8221; global_colors_info=&#8221;{%22gcid-c06f992e-1a1f-4a27-8457-39b06448a507%22:%91%22open_toggle_text_color%22%93}&#8221; toggle_font=&#8221;|600|||||||&#8221; toggle_line_height=&#8221;1.2em&#8221; open=&#8221;off&#8221;]<\/p>\n<p><span style=\"font-weight: 400;\">Los estudiantes obtienen el <\/span><b>Diploma de Bachiller Acad\u00e9mico Bilingue<\/b>,<\/p>\n<p>[\/et_pb_accordion_item][et_pb_accordion_item title=&#8221;\u00bfCu\u00e1les son las materias que se ense\u00f1an en cada nivel?&#8221; open_toggle_text_color=&#8221;gcid-c06f992e-1a1f-4a27-8457-39b06448a507&#8243; open_toggle_background_color=&#8221;#FFFFFF&#8221; closed_toggle_background_color=&#8221;#FFFFFF&#8221; toggle_icon=&#8221;&#xf067;||fa||900&#8243; _builder_version=&#8221;4.27.4&#8243; _module_preset=&#8221;default&#8221; body_text_color=&#8221;#000000&#8243; body_line_height=&#8221;1.5em&#8221; custom_margin=&#8221;12px||12px||true|false&#8221; custom_padding=&#8221;|24px||24px|false|true&#8221; border_radii=&#8221;on|12px|12px|12px|12px&#8221; global_colors_info=&#8221;{%22gcid-c06f992e-1a1f-4a27-8457-39b06448a507%22:%91%22open_toggle_text_color%22%93}&#8221; toggle_font=&#8221;|600|||||||&#8221; toggle_line_height=&#8221;1.2em&#8221; open=&#8221;off&#8221;]El curr\u00edculo incluye asignaturas fundamentales como Matem\u00e1ticas, Ciencias Naturales, Ciencias Sociales, Lengua y Literatura, Ingl\u00e9s, Tecnolog\u00eda, Educaci\u00f3n F\u00edsica, M\u00fasica, Arte y Filosof\u00eda. En bachillerato, se incorporan asignaturas electivas y proyectos de investigaci\u00f3n.[\/et_pb_accordion_item][et_pb_accordion_item title=&#8221;\u00bfQue materias se dan en ingl\u00e9s?&#8221; open_toggle_text_color=&#8221;gcid-c06f992e-1a1f-4a27-8457-39b06448a507&#8243; open_toggle_background_color=&#8221;#FFFFFF&#8221; closed_toggle_background_color=&#8221;#FFFFFF&#8221; toggle_icon=&#8221;&#xf067;||fa||900&#8243; _builder_version=&#8221;4.27.4&#8243; _module_preset=&#8221;default&#8221; body_text_color=&#8221;#000000&#8243; body_line_height=&#8221;1.5em&#8221; custom_margin=&#8221;12px||12px||true|false&#8221; custom_padding=&#8221;|24px||24px|false|true&#8221; border_radii=&#8221;on|12px|12px|12px|12px&#8221; global_colors_info=&#8221;{%22gcid-c06f992e-1a1f-4a27-8457-39b06448a507%22:%91%22open_toggle_text_color%22%93}&#8221; toggle_font=&#8221;|600|||||||&#8221; toggle_line_height=&#8221;1.2em&#8221; open=&#8221;off&#8221;][\/et_pb_accordion_item][et_pb_accordion_item title=&#8221;\u00bfEl colegio tiene un enfoque biling\u00fce?&#8221; open_toggle_text_color=&#8221;gcid-c06f992e-1a1f-4a27-8457-39b06448a507&#8243; open_toggle_background_color=&#8221;#FFFFFF&#8221; closed_toggle_background_color=&#8221;#FFFFFF&#8221; toggle_icon=&#8221;&#xf067;||fa||900&#8243; _builder_version=&#8221;4.27.4&#8243; _module_preset=&#8221;default&#8221; body_text_color=&#8221;#000000&#8243; body_line_height=&#8221;1.5em&#8221; custom_margin=&#8221;12px||12px||true|false&#8221; custom_padding=&#8221;|24px||24px|false|true&#8221; border_radii=&#8221;on|12px|12px|12px|12px&#8221; global_colors_info=&#8221;{%22gcid-c06f992e-1a1f-4a27-8457-39b06448a507%22:%91%22open_toggle_text_color%22%93}&#8221; toggle_font=&#8221;|600|||||||&#8221; toggle_line_height=&#8221;1.2em&#8221; open=&#8221;off&#8221;]S\u00ed, en el Colegio Altamira ofrecemos un programa biling\u00fce con ense\u00f1anza en espa\u00f1ol e ingl\u00e9s. Adem\u00e1s, nuestros estudiantes presentan ex\u00e1menes de certificaci\u00f3n internacional como TOEFL.[\/et_pb_accordion_item][et_pb_accordion_item title=&#8221;\u00bfEl colegio tiene una tercera lengua?&#8221; open_toggle_text_color=&#8221;gcid-c06f992e-1a1f-4a27-8457-39b06448a507&#8243; open_toggle_background_color=&#8221;#FFFFFF&#8221; closed_toggle_background_color=&#8221;#FFFFFF&#8221; toggle_icon=&#8221;&#xf067;||fa||900&#8243; _builder_version=&#8221;4.27.4&#8243; _module_preset=&#8221;default&#8221; body_text_color=&#8221;#000000&#8243; body_line_height=&#8221;1.5em&#8221; custom_margin=&#8221;12px||12px||true|false&#8221; custom_padding=&#8221;|24px||24px|false|true&#8221; border_radii=&#8221;on|12px|12px|12px|12px&#8221; global_colors_info=&#8221;{%22gcid-c06f992e-1a1f-4a27-8457-39b06448a507%22:%91%22open_toggle_text_color%22%93}&#8221; toggle_font=&#8221;|600|||||||&#8221; toggle_line_height=&#8221;1.2em&#8221; open=&#8221;off&#8221;]<\/p>\n<p>Si, en el Colegio se imparten clases de <strong>Franc\u00e9s<\/strong> desde Grado S\u00e9ptimo hasta Grado D\u00e9cimo.<\/p>\n<p>[\/et_pb_accordion_item][et_pb_accordion_item title=&#8221;\u00bfQu\u00e9 m\u00e9todos de ense\u00f1anza utilizan?&#8221; open_toggle_text_color=&#8221;gcid-c06f992e-1a1f-4a27-8457-39b06448a507&#8243; open_toggle_background_color=&#8221;#FFFFFF&#8221; closed_toggle_background_color=&#8221;#FFFFFF&#8221; toggle_icon=&#8221;&#xf067;||fa||900&#8243; _builder_version=&#8221;4.27.4&#8243; _module_preset=&#8221;default&#8221; body_text_color=&#8221;#000000&#8243; body_line_height=&#8221;1.5em&#8221; custom_margin=&#8221;12px||12px||true|false&#8221; custom_padding=&#8221;|24px||24px|false|true&#8221; border_radii=&#8221;on|12px|12px|12px|12px&#8221; global_colors_info=&#8221;{%22gcid-c06f992e-1a1f-4a27-8457-39b06448a507%22:%91%22open_toggle_text_color%22%93}&#8221; toggle_font=&#8221;|600|||||||&#8221; toggle_line_height=&#8221;1.2em&#8221; open=&#8221;off&#8221;]<\/p>\n<p>Nos enfocamos en un aprendizaje basado en proyectos (ABP), metodolog\u00edas activas, uso de tecnolog\u00eda educativa y un enfoque en el desarrollo de habilidades del siglo XXI.<\/p>\n<p>[\/et_pb_accordion_item][et_pb_accordion_item title=&#8221;\u00bfEl colegio ofrece actividades extracurriculares?&#8221; open_toggle_text_color=&#8221;gcid-c06f992e-1a1f-4a27-8457-39b06448a507&#8243; open_toggle_background_color=&#8221;#FFFFFF&#8221; closed_toggle_background_color=&#8221;#FFFFFF&#8221; toggle_icon=&#8221;&#xf067;||fa||900&#8243; _builder_version=&#8221;4.27.4&#8243; _module_preset=&#8221;default&#8221; body_text_color=&#8221;#000000&#8243; body_line_height=&#8221;1.5em&#8221; custom_margin=&#8221;12px||12px||true|false&#8221; custom_padding=&#8221;|24px||24px|false|true&#8221; border_radii=&#8221;on|12px|12px|12px|12px&#8221; global_colors_info=&#8221;{%22gcid-c06f992e-1a1f-4a27-8457-39b06448a507%22:%91%22open_toggle_text_color%22%93}&#8221; toggle_font=&#8221;|600|||||||&#8221; toggle_line_height=&#8221;1.2em&#8221; open=&#8221;off&#8221;]<\/p>\n<p>S\u00ed, contamos con actividades deportivas, culturales y art\u00edsticas como f\u00fatbol, baloncesto, danza, m\u00fasica, rob\u00f3tica y clubes de lectura.<\/p>\n<p>[\/et_pb_accordion_item][et_pb_accordion_item title=&#8221;\u00bfEl colegio cuenta con programas de educaci\u00f3n personalizada o apoyos para estudiantes con necesidades especiales?&#8221; open_toggle_text_color=&#8221;gcid-c06f992e-1a1f-4a27-8457-39b06448a507&#8243; open_toggle_background_color=&#8221;#FFFFFF&#8221; closed_toggle_background_color=&#8221;#FFFFFF&#8221; toggle_icon=&#8221;&#xf067;||fa||900&#8243; title_last_edited=&#8221;off|desktop&#8221; _builder_version=&#8221;4.27.4&#8243; _module_preset=&#8221;default&#8221; body_text_color=&#8221;#000000&#8243; body_line_height=&#8221;1.5em&#8221; custom_margin=&#8221;12px||12px||true|false&#8221; custom_padding=&#8221;|24px||24px|false|true&#8221; border_radii=&#8221;on|12px|12px|12px|12px&#8221; global_colors_info=&#8221;{%22gcid-c06f992e-1a1f-4a27-8457-39b06448a507%22:%91%22open_toggle_text_color%22%93}&#8221; toggle_font=&#8221;|600|||||||&#8221; toggle_line_height=&#8221;1.2em&#8221; open=&#8221;off&#8221;]<\/p>\n<p>Contamos con el <strong>WIN CENTER<\/strong>, un espacio dise\u00f1ado para brindar apoyo a estudiantes con necesidades educativas especiales, garantizando su inclusi\u00f3n y desarrollo dentro de un ambiente de aprendizaje adaptado a sus necesidades.<br \/><strong>1).<\/strong> Siguiendo nuestra pol\u00edtica institucional, el n\u00famero de estudiantes con requerimientos especiales en cada sal\u00f3n est\u00e1 limitado al 5% del total de alumnos, lo que nos permite ofrecer un acompa\u00f1amiento adecuado y de calidad.<br \/><strong>2).<\/strong> El compromiso y apoyo de las familias es fundamental para el \u00e9xito del proceso educativo de cada estudiante.<br \/>Para m\u00e1s informaci\u00f3n sobre nuestros programas de educaci\u00f3n personalizada, te invitamos a consultar nuestro <a href=\"https:\/\/altamira.edu.co\/wp-content\/uploads\/2024\/03\/Manual-de-Atencion-Educativa-a-Aprendices-con-NEE.pdf\" target=\"_blank\" rel=\"nofollow noopener\"><strong>Manual de Atenci\u00f3n a Estudiantes con Necesidades Educativas Especiales<\/strong><\/a><\/p>\n<p>[\/et_pb_accordion_item][et_pb_accordion_item title=&#8221;\u00bfC\u00f3mo se manejan los per\u00edodos acad\u00e9micos y la evaluaci\u00f3n de los estudiantes?&#8221; open_toggle_text_color=&#8221;gcid-c06f992e-1a1f-4a27-8457-39b06448a507&#8243; open_toggle_background_color=&#8221;#FFFFFF&#8221; closed_toggle_background_color=&#8221;#FFFFFF&#8221; toggle_icon=&#8221;&#xf067;||fa||900&#8243; title_last_edited=&#8221;off|desktop&#8221; _builder_version=&#8221;4.27.4&#8243; _module_preset=&#8221;default&#8221; body_text_color=&#8221;#000000&#8243; body_line_height=&#8221;1.5em&#8221; custom_margin=&#8221;12px||12px||true|false&#8221; custom_padding=&#8221;|24px||24px|false|true&#8221; border_radii=&#8221;on|12px|12px|12px|12px&#8221; global_colors_info=&#8221;{%22gcid-c06f992e-1a1f-4a27-8457-39b06448a507%22:%91%22open_toggle_text_color%22%93}&#8221; toggle_font=&#8221;|600|||||||&#8221; toggle_line_height=&#8221;1.2em&#8221; open=&#8221;off&#8221;][\/et_pb_accordion_item][et_pb_accordion_item title=&#8221;\u00bfHay actividades despues de clase?&#8221; open_toggle_text_color=&#8221;gcid-c06f992e-1a1f-4a27-8457-39b06448a507&#8243; open_toggle_background_color=&#8221;#FFFFFF&#8221; closed_toggle_background_color=&#8221;#FFFFFF&#8221; toggle_icon=&#8221;&#xf067;||fa||900&#8243; title_last_edited=&#8221;off|desktop&#8221; _builder_version=&#8221;4.27.4&#8243; _module_preset=&#8221;default&#8221; body_text_color=&#8221;#000000&#8243; body_line_height=&#8221;1.5em&#8221; custom_margin=&#8221;12px||12px||true|false&#8221; custom_padding=&#8221;|24px||24px|false|true&#8221; border_radii=&#8221;on|12px|12px|12px|12px&#8221; global_colors_info=&#8221;{%22gcid-c06f992e-1a1f-4a27-8457-39b06448a507%22:%91%22open_toggle_text_color%22%93}&#8221; toggle_font=&#8221;|600|||||||&#8221; toggle_line_height=&#8221;1.2em&#8221; open=&#8221;off&#8221;][\/et_pb_accordion_item][et_pb_accordion_item title=&#8221;\u00bfComo es la parte deportiva?&#8221; open_toggle_text_color=&#8221;gcid-c06f992e-1a1f-4a27-8457-39b06448a507&#8243; open_toggle_background_color=&#8221;#FFFFFF&#8221; closed_toggle_background_color=&#8221;#FFFFFF&#8221; toggle_icon=&#8221;&#xf067;||fa||900&#8243; title_last_edited=&#8221;off|desktop&#8221; _builder_version=&#8221;4.27.4&#8243; _module_preset=&#8221;default&#8221; body_text_color=&#8221;#000000&#8243; body_line_height=&#8221;1.5em&#8221; custom_margin=&#8221;12px||12px||true|false&#8221; custom_padding=&#8221;|24px||24px|false|true&#8221; border_radii=&#8221;on|12px|12px|12px|12px&#8221; global_colors_info=&#8221;{%22gcid-c06f992e-1a1f-4a27-8457-39b06448a507%22:%91%22open_toggle_text_color%22%93}&#8221; toggle_font=&#8221;|600|||||||&#8221; toggle_line_height=&#8221;1.2em&#8221; open=&#8221;off&#8221;][\/et_pb_accordion_item][et_pb_accordion_item title=&#8221;\u00bfHacen encuentros con otros colegios?&#8221; open_toggle_text_color=&#8221;gcid-c06f992e-1a1f-4a27-8457-39b06448a507&#8243; open_toggle_background_color=&#8221;#FFFFFF&#8221; closed_toggle_background_color=&#8221;#FFFFFF&#8221; toggle_icon=&#8221;&#xf067;||fa||900&#8243; title_last_edited=&#8221;off|desktop&#8221; _builder_version=&#8221;4.27.4&#8243; _module_preset=&#8221;default&#8221; body_text_color=&#8221;#000000&#8243; body_line_height=&#8221;1.5em&#8221; custom_margin=&#8221;12px||12px||true|false&#8221; custom_padding=&#8221;|24px||24px|false|true&#8221; border_radii=&#8221;on|12px|12px|12px|12px&#8221; global_colors_info=&#8221;{%22gcid-c06f992e-1a1f-4a27-8457-39b06448a507%22:%91%22open_toggle_text_color%22%93}&#8221; toggle_font=&#8221;|600|||||||&#8221; toggle_line_height=&#8221;1.2em&#8221; open=&#8221;off&#8221;][\/et_pb_accordion_item][et_pb_accordion_item title=&#8221;\u00bfEl colegio ofrece Salidas pedag\u00f3gicas?&#8221; open_toggle_text_color=&#8221;gcid-c06f992e-1a1f-4a27-8457-39b06448a507&#8243; open_toggle_background_color=&#8221;#FFFFFF&#8221; closed_toggle_background_color=&#8221;#FFFFFF&#8221; toggle_icon=&#8221;&#xf067;||fa||900&#8243; title_last_edited=&#8221;off|desktop&#8221; _builder_version=&#8221;4.27.4&#8243; _module_preset=&#8221;default&#8221; body_text_color=&#8221;#000000&#8243; body_line_height=&#8221;1.5em&#8221; custom_margin=&#8221;12px||12px||true|false&#8221; custom_padding=&#8221;|24px||24px|false|true&#8221; border_radii=&#8221;on|12px|12px|12px|12px&#8221; global_colors_info=&#8221;{%22gcid-c06f992e-1a1f-4a27-8457-39b06448a507%22:%91%22open_toggle_text_color%22%93}&#8221; toggle_font=&#8221;|600|||||||&#8221; toggle_line_height=&#8221;1.2em&#8221; open=&#8221;off&#8221;][\/et_pb_accordion_item][et_pb_accordion_item title=&#8221;\u00bfPlataformas digitales?&#8221; open_toggle_text_color=&#8221;gcid-c06f992e-1a1f-4a27-8457-39b06448a507&#8243; open_toggle_background_color=&#8221;#FFFFFF&#8221; closed_toggle_background_color=&#8221;#FFFFFF&#8221; toggle_icon=&#8221;&#xf067;||fa||900&#8243; title_last_edited=&#8221;off|desktop&#8221; _builder_version=&#8221;4.27.4&#8243; _module_preset=&#8221;default&#8221; body_text_color=&#8221;#000000&#8243; body_line_height=&#8221;1.5em&#8221; custom_margin=&#8221;12px||12px||true|false&#8221; custom_padding=&#8221;|24px||24px|false|true&#8221; border_radii=&#8221;on|12px|12px|12px|12px&#8221; global_colors_info=&#8221;{%22gcid-c06f992e-1a1f-4a27-8457-39b06448a507%22:%91%22open_toggle_text_color%22%93}&#8221; toggle_font=&#8221;|600|||||||&#8221; toggle_line_height=&#8221;1.2em&#8221; open=&#8221;off&#8221;][\/et_pb_accordion_item][et_pb_accordion_item title=&#8221;\u00bfDonde puedo solicitar un certificado de estudio, certificado de notas o Duplicado de diplomas?&#8221; open_toggle_text_color=&#8221;gcid-c06f992e-1a1f-4a27-8457-39b06448a507&#8243; open_toggle_background_color=&#8221;#FFFFFF&#8221; closed_toggle_background_color=&#8221;#FFFFFF&#8221; toggle_icon=&#8221;&#xf067;||fa||900&#8243; title_last_edited=&#8221;off|desktop&#8221; _builder_version=&#8221;4.27.4&#8243; _module_preset=&#8221;default&#8221; body_text_color=&#8221;#000000&#8243; body_line_height=&#8221;1.5em&#8221; custom_margin=&#8221;12px||12px||true|false&#8221; custom_padding=&#8221;|24px||24px|false|true&#8221; border_radii=&#8221;on|12px|12px|12px|12px&#8221; global_colors_info=&#8221;{%22gcid-c06f992e-1a1f-4a27-8457-39b06448a507%22:%91%22open_toggle_text_color%22%93}&#8221; toggle_font=&#8221;|600|||||||&#8221; toggle_line_height=&#8221;1.2em&#8221; open=&#8221;off&#8221;]<\/p>\n<p>Debes solicitarlo al correo electr\u00f3nico cartera@altamira.edu.co, donde te guiaran en todo proceso.<\/p>\n<p>[\/et_pb_accordion_item][\/et_pb_accordion][\/et_pb_column][\/et_pb_row][\/et_pb_section]<\/p>\n","protected":false},"excerpt":{"rendered":"<p>ADMISSION PROCESSAPPLICATION REQUIREMENTS AGE: To apply you must take into consideration the students age in the following grade levels:<div class=\"et_pb_module difl_iconlist difl_iconlist_0\">\n\t\t\t\t\n\t\t\t\t\n\t\t\t\t\n\t\t\t\t\n\t\t\t\t\n\t\t\t\t\n\t\t\t\t<div class=\"et_pb_module_inner\">\n\t\t\t\t\t<ul class=\"difl_iconlist_container\" style=\"list-style-type: none;\"><li class=\"et_pb_module difl_iconlistitem difl_iconlistitem_0\">\r\n\t\t\t\t\r\n\t\t\t\t\r\n\t\t\t\t\r\n\t\t\t\t\r\n\t\t\t\t\r\n\t\t\t\t\r\n\t\t\t\t<div class=\"et_pb_module_inner\">\r\n\t\t\t\t\t<span class=\"item-elements et_pb_with_background\">\r\n                    <span class=\"item-elements-group\"><span class=\"difl_icon_item_container\"><span class=\"difl_icon_item_icon_wrapper\"><span class=\"icon-element\"><span class=\"et-pb-icon difl_list_icon\">U<\/span><\/span><\/span> <span class=\"difl_icon_item_content_wrapper\"><h4 class=\"difl_icon_item_header et_pb_with_background\"><span>Pre-Kinder<\/span><\/h4><span class=\"difl_icon_item_body et_pb_with_background\">The student is 4 years old before June 30th.<\/span><\/span><\/span><\/span>\r\n                    <span class=\"item-tooltip-data\" style=\"display:none\"><\/span>\r\n                <\/span>\r\n\t\t\t\t<\/div>\r\n\t\t\t<\/li><li class=\"et_pb_module difl_iconlistitem difl_iconlistitem_1\">\r\n\t\t\t\t\r\n\t\t\t\t\r\n\t\t\t\t\r\n\t\t\t\t\r\n\t\t\t\t\r\n\t\t\t\t\r\n\t\t\t\t<div class=\"et_pb_module_inner\">\r\n\t\t\t\t\t<span class=\"item-elements et_pb_with_background\">\r\n                    <span class=\"item-elements-group\"><span class=\"difl_icon_item_container\"><span class=\"difl_icon_item_icon_wrapper\"><span class=\"icon-element\"><span class=\"et-pb-icon difl_list_icon\">U<\/span><\/span><\/span> <span class=\"difl_icon_item_content_wrapper\"><h4 class=\"difl_icon_item_header et_pb_with_background\"><span>Kinder<\/span><\/h4><span class=\"difl_icon_item_body et_pb_with_background\">The student is 5 years old before June 30th.<\/span><\/span><\/span><\/span>\r\n                    <span class=\"item-tooltip-data\" style=\"display:none\"><\/span>\r\n                <\/span>\r\n\t\t\t\t<\/div>\r\n\t\t\t<\/li><li class=\"et_pb_module difl_iconlistitem difl_iconlistitem_2\">\r\n\t\t\t\t\r\n\t\t\t\t\r\n\t\t\t\t\r\n\t\t\t\t\r\n\t\t\t\t\r\n\t\t\t\t\r\n\t\t\t\t<div class=\"et_pb_module_inner\">\r\n\t\t\t\t\t<span class=\"item-elements et_pb_with_background\">\r\n                    <span class=\"item-elements-group\"><span class=\"difl_icon_item_container\"><span class=\"difl_icon_item_icon_wrapper\"><span class=\"icon-element\"><span class=\"et-pb-icon difl_list_icon\">U<\/span><\/span><\/span> <span class=\"difl_icon_item_content_wrapper\"><h4 class=\"difl_icon_item_header et_pb_with_background\"><span>First Grade<\/span><\/h4><span class=\"difl_icon_item_body et_pb_with_background\">The student is 6 years old before June 30th.<\/span><\/span><\/span><\/span>\r\n                    <span class=\"item-tooltip-data\" style=\"display:none\"><\/span>\r\n                <\/span>\r\n\t\t\t\t<\/div>\r\n\t\t\t<\/li><\/ul>\n\t\t\t\t<\/div>\n\t\t\t<\/div>To ensure the experiences and academic quality of our students, we have limited admissions, so we recommend that families begin their admissions process one or two years in advance..Get to know our educational projectIf you wish to receive more information about the Altamira school and visit our campus. Contact us via WhatsappOUR ADMISSIONS PROCESS1 &#8211; RegistrationIf you wish to apply to our school and begin the admission process please fill out the following form. https:\/\/controlacademic.co\/altamira\/preinscripcion.aspx Make the payment of the admission [&hellip;]<\/p>\n","protected":false},"author":1,"featured_media":0,"parent":0,"menu_order":0,"comment_status":"closed","ping_status":"closed","template":"","meta":{"_et_pb_use_builder":"on","_et_pb_old_content":"","_et_gb_content_width":"","footnotes":""},"dipi_cpt_category":[],"difl_page_category":[],"class_list":["post-26489","page","type-page","status-publish","hentry"],"_links":{"self":[{"href":"https:\/\/altamira.edu.co\/es\/wp-json\/wp\/v2\/pages\/26489","targetHints":{"allow":["GET"]}}],"collection":[{"href":"https:\/\/altamira.edu.co\/es\/wp-json\/wp\/v2\/pages"}],"about":[{"href":"https:\/\/altamira.edu.co\/es\/wp-json\/wp\/v2\/types\/page"}],"author":[{"embeddable":true,"href":"https:\/\/altamira.edu.co\/es\/wp-json\/wp\/v2\/users\/1"}],"replies":[{"embeddable":true,"href":"https:\/\/altamira.edu.co\/es\/wp-json\/wp\/v2\/comments?post=26489"}],"version-history":[{"count":37,"href":"https:\/\/altamira.edu.co\/es\/wp-json\/wp\/v2\/pages\/26489\/revisions"}],"predecessor-version":[{"id":46139,"href":"https:\/\/altamira.edu.co\/es\/wp-json\/wp\/v2\/pages\/26489\/revisions\/46139"}],"wp:attachment":[{"href":"https:\/\/altamira.edu.co\/es\/wp-json\/wp\/v2\/media?parent=26489"}],"wp:term":[{"taxonomy":"dipi_cpt_category","embeddable":true,"href":"https:\/\/altamira.edu.co\/es\/wp-json\/wp\/v2\/dipi_cpt_category?post=26489"},{"taxonomy":"difl_page_category","embeddable":true,"href":"https:\/\/altamira.edu.co\/es\/wp-json\/wp\/v2\/difl_page_category?post=26489"}],"curies":[{"name":"wp","href":"https:\/\/api.w.org\/{rel}","templated":true}]}}